{"id":9908,"date":"2024-09-30T01:08:44","date_gmt":"2024-09-30T01:08:44","guid":{"rendered":"https:\/\/www.mncomunicacion.com\/?page_id=9908"},"modified":"2024-09-30T01:47:01","modified_gmt":"2024-09-30T01:47:01","slug":"home","status":"publish","type":"page","link":"https:\/\/www.mncomunicacion.com\/en\/home","title":{"rendered":"HOME-"},"content":{"rendered":"<div class=\"wpb-content-wrapper\"><p>[vc_row full_width=&#8221;stretch_row_content_no_spaces&#8221; height=&#8221;full&#8221; background_attachment=&#8221;fixed&#8221; overlay_background=&#8221;custom&#8221; overlay_opacity=&#8221;34&#8243; effect=&#8221;constellation&#8221; constellation_star_color=&#8221;rgba(255,255,255,0.5)&#8221; constellation_line_color=&#8221;rgba(255,255,255,0.5)&#8221; background_image=&#8221;4983&#8243;][vc_column][tm_spacer size=&#8221;lg:234&#8243;][vc_row_inner][vc_column_inner width=&#8221;1\/6&#8243;][\/vc_column_inner][vc_column_inner width=&#8221;2\/3&#8243;][vc_column_text]<\/p>\n<h1 style=\"text-align: center;\"><span style=\"color: #ffffff;\">WE WANT TO BE<\/span><br \/>\n<span style=\"color: #ffffff;\"> PART OF YOUR SUCCESS<\/span><\/h1>\n<p>[\/vc_column_text][tm_spacer size=&#8221;lg:6&#8243;][vc_column_text]<\/p>\n<h6 style=\"text-align: center;\"><span style=\"color: #ffffff;\">COMMUNICATION AGENCY | PUBLIC RELATIONS | EVENTS | MARKETING<\/span><\/h6>\n<p>[\/vc_column_text][tm_spacer size=&#8221;lg:40&#8243;][vc_btn title=&#8221;LET&#8217;S TALK!&#8221; style=&#8221;classic&#8221; shape=&#8221;round&#8221; color=&#8221;white&#8221; align=&#8221;center&#8221; link=&#8221;url:https%3A%2F%2Fwww.mncomunicacion.com%2Fcontents%2Fcontact|title:Let&#8217;s%20talk!|target:_blank&#8221;][\/vc_column_inner][vc_column_inner width=&#8221;1\/6&#8243;][\/vc_column_inner][\/vc_row_inner][tm_spacer size=&#8221;lg:180&#8243;][\/vc_column][\/vc_row][vc_row content_placement=&#8221;middle&#8221;][vc_column css_animation=&#8221;fadeInLeft&#8221; width=&#8221;1\/6&#8243;][\/vc_column][vc_column css_animation=&#8221;none&#8221; width=&#8221;2\/3&#8243;][tm_spacer size=&#8221;lg:67&#8243;][vc_column_text css_animation=&#8221;none&#8221;]<\/p>\n<h4 style=\"text-align: center;\"><b>We design the communication of your company<\/b><\/h4>\n<p>[\/vc_column_text][tm_spacer size=&#8221;lg:12&#8243;][vc_column_text css_animation=&#8221;none&#8221;]<\/p>\n<p style=\"text-align: center;\">Founded in 2010, <strong>MN Comunicaci\u00f3n<\/strong> is a dynamic agency with extensive experience in the field of Public Relations, Communication, Event Planning, and Marketing.<\/p>\n<p style=\"text-align: center;\">Although it is based on the Costa del Sol, our field of influence has no geographical limits, our clients are involved in a broad scope of activities ranging from a national to international level.<br \/>\nLed by Marie-No\u00eblle Erize Tisseau, who has more than 35 years of international experience in the world of Public Relations, the agency has a team of professionals within all the different areas of communication and marketing.[\/vc_column_text][tm_spacer size=&#8221;lg:67&#8243;][\/vc_column][vc_column width=&#8221;1\/6&#8243;][\/vc_column][\/vc_row][vc_row full_width=&#8221;stretch_row_content_no_spaces&#8221; equal_height=&#8221;yes&#8221; content_placement=&#8221;middle&#8221; overlay_background=&#8221;custom&#8221; overlay_custom_background=&#8221;#ffffff&#8221; overlay_opacity=&#8221;56&#8243;][vc_column css_animation=&#8221;fadeInLeft&#8221; width=&#8221;1\/2&#8243; background_color=&#8221;custom&#8221; custom_background_color=&#8221;#ededed&#8221;][vc_row_inner][vc_column_inner width=&#8221;1\/6&#8243;][\/vc_column_inner][vc_column_inner width=&#8221;4\/6&#8243;][tm_spacer size=&#8221;lg:67&#8243;][vc_column_text css_animation=&#8221;none&#8221;]<\/p>\n<h6 style=\"text-align: center;\">COMMUNICATION AGENCY<\/h6>\n<h4 style=\"text-align: center;\">What does not get communicated does not get sold<\/h4>\n<p>[\/vc_column_text][tm_spacer size=&#8221;lg:12&#8243;][vc_column_text css_animation=&#8221;none&#8221;]<\/p>\n<p style=\"text-align: center;\">At <strong>MN Comunicaci\u00f3n<\/strong> we provide a consultation service in communication for our clients, making sure that they get their message across to the general public in the most efficient way possible.<\/p>\n<p>[\/vc_column_text][tm_spacer size=&#8221;lg:30&#8243;][\/vc_column_inner][vc_column_inner width=&#8221;1\/6&#8243;][\/vc_column_inner][\/vc_row_inner][vc_row_inner lg_spacing=&#8221;margin_right:123;margin_left:123&#8243;][vc_column_inner width=&#8221;1\/3&#8243;][tm_image align=&#8221;center&#8221; image=&#8221;95&#8243;][tm_spacer size=&#8221;lg:12&#8243;][vc_column_text]<\/p>\n<p style=\"text-align: center;\">Communication strategies<\/p>\n<p>[\/vc_column_text][\/vc_column_inner][vc_column_inner width=&#8221;1\/3&#8243;][tm_image align=&#8221;center&#8221; image=&#8221;91&#8243;][tm_spacer size=&#8221;lg:12&#8243;][vc_column_text]<\/p>\n<p style=\"text-align: center;\">Press releases<\/p>\n<p>[\/vc_column_text][\/vc_column_inner][vc_column_inner width=&#8221;1\/3&#8243;][tm_image align=&#8221;center&#8221; image=&#8221;92&#8243;][tm_spacer size=&#8221;lg:12&#8243;][vc_column_text]<\/p>\n<p style=\"text-align: center;\">Press conferences<\/p>\n<p>[\/vc_column_text][tm_spacer size=&#8221;lg:12&#8243;][\/vc_column_inner][\/vc_row_inner][tm_spacer size=&#8221;lg:20&#8243;][vc_row_inner lg_spacing=&#8221;margin_right:123;margin_left:123&#8243;][vc_column_inner width=&#8221;1\/3&#8243;][tm_image align=&#8221;center&#8221; image=&#8221;93&#8243;][tm_spacer size=&#8221;lg:12&#8243;][vc_column_text]<\/p>\n<p style=\"text-align: center;\">Management of interviews<\/p>\n<p>[\/vc_column_text][\/vc_column_inner][vc_column_inner width=&#8221;1\/3&#8243;][tm_image align=&#8221;center&#8221; image=&#8221;97&#8243;][tm_spacer size=&#8221;lg:12&#8243;][vc_column_text]<\/p>\n<p style=\"text-align: center;\">Strategic Communication<\/p>\n<p>[\/vc_column_text][\/vc_column_inner][vc_column_inner width=&#8221;1\/3&#8243;][tm_image align=&#8221;center&#8221; image=&#8221;99&#8243;][tm_spacer size=&#8221;lg:12&#8243;][vc_column_text]<\/p>\n<p style=\"text-align: center;\">Press clippings<\/p>\n<p>[\/vc_column_text][tm_spacer size=&#8221;lg:12&#8243;][\/vc_column_inner][\/vc_row_inner][tm_spacer size=&#8221;lg:23&#8243;][tm_spacer size=&#8221;lg:20&#8243;][vc_row_inner lg_spacing=&#8221;margin_right:123;margin_left:123&#8243;][vc_column_inner width=&#8221;1\/2&#8243;][tm_image align=&#8221;center&#8221; image=&#8221;6478&#8243;][tm_spacer size=&#8221;lg:12&#8243;][vc_column_text]<\/p>\n<p style=\"text-align: center;\">Training of leaders in public speaking<\/p>\n<p>[\/vc_column_text][\/vc_column_inner][vc_column_inner width=&#8221;1\/2&#8243;][tm_image align=&#8221;center&#8221; image=&#8221;305&#8243;][tm_spacer size=&#8221;lg:12&#8243;][vc_column_text]<\/p>\n<p style=\"text-align: center;\">Press trips<\/p>\n<p>[\/vc_column_text][tm_spacer size=&#8221;lg:12&#8243;][\/vc_column_inner][\/vc_row_inner][tm_spacer size=&#8221;lg:23&#8243;][tm_spacer size=&#8221;lg:23&#8243;][tm_spacer size=&#8221;lg:67&#8243;][\/vc_column][vc_column css_animation=&#8221;none&#8221; width=&#8221;1\/2&#8243; overlay_background=&#8221;custom&#8221; overlay_custom_background=&#8221;#ffffff&#8221; overlay_opacity=&#8221;23&#8243; background_image=&#8221;56&#8243;][\/vc_column][\/vc_row][vc_row full_width=&#8221;stretch_row_content_no_spaces&#8221; equal_height=&#8221;yes&#8221; content_placement=&#8221;middle&#8221; overlay_background=&#8221;custom&#8221; overlay_custom_background=&#8221;#ffffff&#8221; overlay_opacity=&#8221;56&#8243;][vc_column css_animation=&#8221;none&#8221; width=&#8221;1\/2&#8243; overlay_background=&#8221;custom&#8221; overlay_custom_background=&#8221;#ffffff&#8221; overlay_opacity=&#8221;23&#8243; background_image=&#8221;9643&#8243;][vc_row_inner][vc_column_inner][\/vc_column_inner][\/vc_row_inner][\/vc_column][vc_column width=&#8221;1\/2&#8243;][vc_row_inner][vc_column_inner width=&#8221;1\/6&#8243;][\/vc_column_inner][vc_column_inner width=&#8221;4\/6&#8243;][tm_spacer size=&#8221;lg:67&#8243;][vc_column_text]<\/p>\n<div class=\"wpb_text_column wpb_content_element tm-animation move-up animate\">\n<div class=\"wpb_wrapper\">\n<h6 style=\"text-align: center;\">PUBLIC RELATIONS<\/h6>\n<h4 style=\"text-align: center;\">Your business in the mind of your client<\/h4>\n<\/div>\n<\/div>\n<p>[\/vc_column_text][tm_spacer size=&#8221;lg:10&#8243;][vc_column_text]<\/p>\n<p style=\"text-align: center;\"><strong>MN Comunicaci\u00f3n<\/strong>\u00a0is a dynamic agency with extensive experience in promoting the public image of a company or an individual through various means.<\/p>\n<p>[\/vc_column_text][tm_spacer size=&#8221;lg:23&#8243;][tm_spacer size=&#8221;lg:10&#8243;][\/vc_column_inner][vc_column_inner width=&#8221;1\/6&#8243;][\/vc_column_inner][\/vc_row_inner][vc_row_inner lg_spacing=&#8221;margin_right:123;margin_left:123&#8243;][vc_column_inner width=&#8221;1\/3&#8243;][tm_image align=&#8221;center&#8221; image=&#8221;5027&#8243;][tm_spacer size=&#8221;lg:12&#8243;][vc_column_text]<\/p>\n<p style=\"text-align: center;\">Management of Institutions and government<\/p>\n<p>[\/vc_column_text][\/vc_column_inner][vc_column_inner width=&#8221;1\/3&#8243;][tm_image align=&#8221;center&#8221; image=&#8221;5028&#8243;][tm_spacer size=&#8221;lg:12&#8243;][vc_column_text]<\/p>\n<p style=\"text-align: center;\">Private and corporate protocol<\/p>\n<p>[\/vc_column_text][\/vc_column_inner][vc_column_inner width=&#8221;1\/3&#8243;][tm_image align=&#8221;center&#8221; image=&#8221;5029&#8243;][tm_spacer size=&#8221;lg:12&#8243;][vc_column_text]<\/p>\n<p style=\"text-align: center;\">Management of invitations<\/p>\n<p>[\/vc_column_text][tm_spacer size=&#8221;lg:12&#8243;][\/vc_column_inner][\/vc_row_inner][tm_spacer size=&#8221;lg:10&#8243;][vc_row_inner lg_spacing=&#8221;margin_right:123;margin_left:123&#8243;][vc_column_inner width=&#8221;1\/3&#8243;][tm_image align=&#8221;center&#8221; image=&#8221;5030&#8243;][tm_spacer size=&#8221;lg:12&#8243;][vc_column_text]<\/p>\n<p style=\"text-align: center;\">Introductions<\/p>\n<p>[\/vc_column_text][\/vc_column_inner][vc_column_inner width=&#8221;1\/3&#8243;][tm_image align=&#8221;center&#8221; image=&#8221;9911&#8243;][tm_spacer size=&#8221;lg:12&#8243;][vc_column_text]<\/p>\n<p style=\"text-align: center;\">Public Relations<\/p>\n<p>[\/vc_column_text][\/vc_column_inner][vc_column_inner width=&#8221;1\/3&#8243;][tm_image align=&#8221;center&#8221; image=&#8221;9913&#8243;][tm_spacer size=&#8221;lg:12&#8243;][vc_column_text]<\/p>\n<p style=\"text-align: center;\">Celebrity management<\/p>\n<p>[\/vc_column_text][tm_spacer size=&#8221;lg:12&#8243;][\/vc_column_inner][\/vc_row_inner][tm_spacer size=&#8221;lg:10&#8243;][vc_row_inner lg_spacing=&#8221;margin_right:123;margin_left:123&#8243;][vc_column_inner width=&#8221;1\/2&#8243;][tm_image align=&#8221;center&#8221; image=&#8221;9915&#8243;][tm_spacer size=&#8221;lg:12&#8243;][vc_column_text]<\/p>\n<p style=\"text-align: center;\">Planning of Institutional Relations<\/p>\n<p>[\/vc_column_text][\/vc_column_inner][vc_column_inner width=&#8221;1\/2&#8243;][tm_image align=&#8221;center&#8221; image=&#8221;9917&#8243;][tm_spacer size=&#8221;lg:12&#8243;][vc_column_text]<\/p>\n<p style=\"text-align: center;\">Advocacy and Public Affairs<\/p>\n<p>[\/vc_column_text][tm_spacer size=&#8221;lg:12&#8243;][\/vc_column_inner][\/vc_row_inner][tm_spacer size=&#8221;lg:67&#8243;][tm_spacer size=&#8221;lg:12&#8243;][tm_spacer size=&#8221;lg:10&#8243;][\/vc_column][\/vc_row][vc_row full_width=&#8221;stretch_row_content_no_spaces&#8221; equal_height=&#8221;yes&#8221; content_placement=&#8221;middle&#8221; css_animation=&#8221;flipInX&#8221; overlay_background=&#8221;custom&#8221; overlay_custom_background=&#8221;#ffffff&#8221; overlay_opacity=&#8221;56&#8243;][vc_column css_animation=&#8221;fadeInLeft&#8221; width=&#8221;1\/2&#8243; background_color=&#8221;custom&#8221; custom_background_color=&#8221;#ededed&#8221;][vc_row_inner][vc_column_inner width=&#8221;1\/6&#8243;][\/vc_column_inner][vc_column_inner width=&#8221;4\/6&#8243;][tm_spacer size=&#8221;lg:67&#8243;][vc_column_text css_animation=&#8221;none&#8221;]<\/p>\n<h6 style=\"text-align: center;\">EVENT PLANNING<\/h6>\n<h4 style=\"text-align: center;\">Your events deserve more<\/h4>\n<p>[\/vc_column_text][tm_spacer size=&#8221;lg:12&#8243;][vc_column_text css_animation=&#8221;none&#8221;]<\/p>\n<p style=\"text-align: center;\">At <strong>MN Comunicaci\u00f3n<\/strong> we look at your private or corporate event from every angle and strive to ensure that no detail is overlooked and that the highest level of excellence is achieved in every detail.<\/p>\n<p>[\/vc_column_text][tm_spacer size=&#8221;lg:12&#8243;][\/vc_column_inner][vc_column_inner width=&#8221;1\/6&#8243;][\/vc_column_inner][\/vc_row_inner][tm_spacer size=&#8221;lg:23&#8243;][vc_row_inner lg_spacing=&#8221;margin_right:123;margin_left:123&#8243;][vc_column_inner width=&#8221;1\/3&#8243;][tm_image align=&#8221;center&#8221; image=&#8221;87&#8243;][tm_spacer size=&#8221;lg:12&#8243;][vc_column_text]<\/p>\n<p style=\"text-align: center;\">Creating the theme to holding the event<\/p>\n<p>[\/vc_column_text][\/vc_column_inner][vc_column_inner width=&#8221;1\/3&#8243;][tm_image align=&#8221;center&#8221; image=&#8221;89&#8243;][tm_spacer size=&#8221;lg:12&#8243;][vc_column_text]<\/p>\n<p style=\"text-align: center;\">Complete organisation and coordination<\/p>\n<p>[\/vc_column_text][\/vc_column_inner][vc_column_inner width=&#8221;1\/3&#8243;][tm_image align=&#8221;center&#8221; image=&#8221;86&#8243;][tm_spacer size=&#8221;lg:12&#8243;][vc_column_text]<\/p>\n<p style=\"text-align: center;\">Wide list of suppliers<\/p>\n<p>[\/vc_column_text][\/vc_column_inner][\/vc_row_inner][tm_spacer size=&#8221;lg:12&#8243;][tm_spacer size=&#8221;lg:67&#8243;][\/vc_column][vc_column css_animation=&#8221;bounceInRight&#8221; width=&#8221;1\/2&#8243; overlay_background=&#8221;custom&#8221; overlay_custom_background=&#8221;#ffffff&#8221; overlay_opacity=&#8221;23&#8243; background_image=&#8221;9641&#8243;][\/vc_column][\/vc_row][vc_row full_width=&#8221;stretch_row_content_no_spaces&#8221; equal_height=&#8221;yes&#8221; content_placement=&#8221;middle&#8221; overlay_background=&#8221;custom&#8221; overlay_custom_background=&#8221;#ffffff&#8221; overlay_opacity=&#8221;56&#8243;][vc_column css_animation=&#8221;none&#8221; width=&#8221;1\/2&#8243; overlay_background=&#8221;custom&#8221; overlay_custom_background=&#8221;#ffffff&#8221; overlay_opacity=&#8221;23&#8243; background_image=&#8221;9813&#8243;][vc_row_inner][vc_column_inner][\/vc_column_inner][\/vc_row_inner][\/vc_column][vc_column width=&#8221;1\/2&#8243;][vc_row_inner][vc_column_inner width=&#8221;1\/6&#8243;][\/vc_column_inner][vc_column_inner width=&#8221;4\/6&#8243;][tm_spacer size=&#8221;lg:67&#8243;][vc_column_text]<\/p>\n<div class=\"wpb_text_column wpb_content_element tm-animation move-up animate\">\n<div class=\"wpb_wrapper\">\n<h6 style=\"text-align: center;\">MARKETING &amp; DESIGN<\/h6>\n<h4 style=\"text-align: center;\">Boost your brand with creativity and strategy<\/h4>\n<\/div>\n<\/div>\n<p>[\/vc_column_text][tm_spacer size=&#8221;lg:10&#8243;][vc_column_text]<\/p>\n<p style=\"text-align: center;\">At <strong>MN Comunicaci\u00f3n<\/strong>, we believe that every brand is unique and deserves a tailored marketing and design strategy. Our team combines creativity and innovation to develop visual solutions and strategies that propel your brand toward success.<\/p>\n<h4><\/h4>\n<p>[\/vc_column_text][\/vc_column_inner][vc_column_inner width=&#8221;1\/6&#8243;][\/vc_column_inner][\/vc_row_inner][tm_spacer size=&#8221;lg:20&#8243;][vc_row_inner lg_spacing=&#8221;margin_right:123;margin_left:123&#8243;][vc_column_inner width=&#8221;1\/3&#8243;][tm_image align=&#8221;center&#8221; image=&#8221;9923&#8243;][tm_spacer size=&#8221;lg:12&#8243;][vc_column_text]<\/p>\n<p style=\"text-align: center;\">Marketing Strategy<\/p>\n<p>[\/vc_column_text][\/vc_column_inner][vc_column_inner width=&#8221;1\/3&#8243;][tm_image image_size=&#8221;custom&#8221; align=&#8221;center&#8221; image=&#8221;9889&#8243; image_size_width=&#8221;64&#8243; image_size_height=&#8221;64&#8243;][tm_spacer size=&#8221;lg:12&#8243;][vc_column_text]<\/p>\n<p style=\"text-align: center;\">Web Design<\/p>\n<p>[\/vc_column_text][\/vc_column_inner][vc_column_inner width=&#8221;1\/3&#8243;][tm_image align=&#8221;center&#8221; image=&#8221;9900&#8243;][tm_spacer size=&#8221;lg:12&#8243;][vc_column_text]<\/p>\n<p style=\"text-align: center;\">Graphic Design<\/p>\n<p>[\/vc_column_text][tm_spacer size=&#8221;lg:12&#8243;][\/vc_column_inner][\/vc_row_inner][tm_spacer size=&#8221;lg:20&#8243;][vc_row_inner lg_spacing=&#8221;margin_right:123;margin_left:123&#8243;][vc_column_inner width=&#8221;1\/3&#8243;][tm_image align=&#8221;center&#8221; image=&#8221;9921&#8243;][tm_spacer size=&#8221;lg:12&#8243;][vc_column_text]<\/p>\n<p style=\"text-align: center;\">Social Media Management<\/p>\n<p>[\/vc_column_text][\/vc_column_inner][vc_column_inner width=&#8221;1\/3&#8243;][tm_image image_size=&#8221;custom&#8221; align=&#8221;center&#8221; image=&#8221;9902&#8243; image_size_width=&#8221;64&#8243; image_size_height=&#8221;64&#8243;][tm_spacer size=&#8221;lg:12&#8243;][vc_column_text]<\/p>\n<p style=\"text-align: center;\">Branding and Identity Creation<\/p>\n<p>[\/vc_column_text][\/vc_column_inner][vc_column_inner width=&#8221;1\/3&#8243;][tm_image image_size=&#8221;custom&#8221; align=&#8221;center&#8221; image=&#8221;9904&#8243; image_size_width=&#8221;64&#8243; image_size_height=&#8221;64&#8243;][tm_spacer size=&#8221;lg:12&#8243;][vc_column_text]<\/p>\n<p style=\"text-align: center;\">Content Creation<\/p>\n<p>[\/vc_column_text][tm_spacer size=&#8221;lg:12&#8243;][\/vc_column_inner][\/vc_row_inner][tm_spacer size=&#8221;lg:20&#8243;][tm_spacer size=&#8221;lg:67&#8243;][\/vc_column][\/vc_row][vc_row full_width=&#8221;stretch_row_content_no_spaces&#8221; disable_element=&#8221;yes&#8221;][vc_column width=&#8221;1\/3&#8243; overlay_background=&#8221;custom&#8221; overlay_opacity=&#8221;23&#8243; background_image=&#8221;56&#8243;][tm_spacer size=&#8221;lg:99&#8243;][vc_column_text]<\/p>\n<h4 style=\"text-align: center;\"><span style=\"color: #ffffff;\">COMMUNICATION<\/span><br \/>\n<span style=\"color: #ffffff;\">AGENCY<\/span><\/h4>\n<p>[\/vc_column_text][tm_spacer size=&#8221;lg:12&#8243;][tm_button button=&#8221;url:%2Fagencia-de-comunicacion|title:DESCUBRIR||&#8221; align=&#8221;center&#8221;][tm_spacer size=&#8221;lg:99&#8243;][\/vc_column][vc_column width=&#8221;1\/3&#8243; overlay_background=&#8221;custom&#8221; overlay_opacity=&#8221;23&#8243; background_image=&#8221;58&#8243;][tm_spacer size=&#8221;lg:99&#8243;][vc_column_text el_class=&#8221;white&#8221;]<\/p>\n<h4 style=\"text-align: center;\"><span style=\"color: #ffffff;\">EVENT<\/span><br \/>\n<span style=\"color: #ffffff;\">PLANNING<\/span><\/h4>\n<p>[\/vc_column_text][tm_spacer size=&#8221;lg:12&#8243;][tm_button button=&#8221;url:%2Forganizacion-de-eventos|title:DESCUBRIR||&#8221; align=&#8221;center&#8221;][tm_spacer size=&#8221;lg:99&#8243;][\/vc_column][vc_column width=&#8221;1\/3&#8243; overlay_background=&#8221;custom&#8221; overlay_opacity=&#8221;23&#8243; background_image=&#8221;54&#8243;][tm_spacer size=&#8221;lg:99&#8243;][vc_column_text]<\/p>\n<h4 style=\"text-align: center;\"><span style=\"color: #ffffff;\">PUBLIC<\/span><br \/>\n<span style=\"color: #ffffff;\">RELATIONS<\/span><\/h4>\n<p>[\/vc_column_text][tm_spacer size=&#8221;lg:12&#8243;][tm_button button=&#8221;url:%2Frelaciones-publicas|title:DESCUBRIR||&#8221; align=&#8221;center&#8221;][tm_spacer size=&#8221;lg:99&#8243;][\/vc_column][\/vc_row][vc_row full_width=&#8221;stretch_row_content_no_spaces&#8221; content_placement=&#8221;middle&#8221; background_color=&#8221;custom&#8221; custom_background_color=&#8221;#4b4b4b&#8221;][vc_column css_animation=&#8221;none&#8221; width=&#8221;1\/6&#8243;][tm_image align=&#8221;right&#8221; image=&#8221;9762&#8243; rounded=&#8221;6&#8243;][\/vc_column][vc_column css_animation=&#8221;fadeInLeft&#8221; width=&#8221;2\/3&#8243;][vc_column_text css_animation=&#8221;none&#8221;]<\/p>\n<blockquote>\n<h4 style=\"text-align: center;\"><span style=\"color: #ffffff;\">Trust is the basis of communication and public relations. From honesty, efficiency, seriousness and sense of responsibility we join our client&#8217;s project to be accomplices of your success.<br \/>\n<\/span><\/h4>\n<p style=\"text-align: left;\"><span style=\"color: #ffffff;\"><strong>Marie-No\u00eblle Erize<\/strong><\/span><br \/>\n<span style=\"color: #ffffff;\">General Manager<\/span><\/p>\n<\/blockquote>\n<p>[\/vc_column_text][tm_spacer size=&#8221;lg:67&#8243;][tm_spacer size=&#8221;lg:12&#8243;][\/vc_column][vc_column width=&#8221;1\/6&#8243;][\/vc_column][\/vc_row]<\/p>\n<\/div>","protected":false},"excerpt":{"rendered":"<p>[vc_row full_width=&#8221;stretch_row_content_no_spaces&#8221; height=&#8221;full&#8221; background_attachment=&#8221;fixed&#8221; overlay_background=&#8221;custom&#8221; overlay_opacity=&#8221;34&#8243; effect=&#8221;constellation&#8221; constellation_star_color=&#8221;rgba(255,255,255,0.5)&#8221; constellation_line_color=&#8221;rgba(255,255,255,0.5)&#8221; background_image=&#8221;4983&#8243;][vc_column][tm_spacer size=&#8221;lg:234&#8243;][vc_row_inner][vc_column_inner width=&#8221;1\/6&#8243;][\/vc_column_inner][vc_column_inner width=&#8221;2\/3&#8243;][vc_column_text] WE WANT TO BE PART OF YOUR SUCCESS [\/vc_column_text][tm_spacer size=&#8221;lg:6&#8243;][vc_column_text] COMMUNICATION AGENCY | PUBLIC RELATIONS | EVENTS | MARKETING [\/vc_column_text][tm_spacer size=&#8221;lg:40&#8243;][vc_btn title=&#8221;LET&#8217;S TALK!&#8221; style=&#8221;classic&#8221; shape=&#8221;round&#8221; color=&#8221;white&#8221; align=&#8221;center&#8221; link=&#8221;url:https%3A%2F%2Fwww.mncomunicacion.com%2Fcontents%2Fcontact|title:Let&#8217;s%20talk!|target:_blank&#8221;][\/vc_column_inner][vc_column_inner width=&#8221;1\/6&#8243;][\/vc_column_inner][\/vc_row_inner][tm_spacer size=&#8221;lg:180&#8243;][\/vc_column][\/vc_row][vc_row content_placement=&#8221;middle&#8221;][vc_column css_animation=&#8221;fadeInLeft&#8221; width=&#8221;1\/6&#8243;][\/vc_column][vc_column css_animation=&#8221;none&#8221; width=&#8221;2\/3&#8243;][tm_spacer size=&#8221;lg:67&#8243;][vc_column_text css_animation=&#8221;none&#8221;] We design the communication of your company [\/vc_column_text][tm_spacer size=&#8221;lg:12&#8243;][vc_column_text css_animation=&#8221;none&#8221;] Founded in 2010, MN Comunicaci\u00f3n is a dynamic agency with extensive experience in the field of Public Relations, Communication, Event Planning, and Marketing. Although it is based on the Costa del Sol, our field of influence has no geographical limits, our clients are involved in a broad scope of activities ranging from a national to international level. Led by Marie-No\u00eblle Erize Tisseau, who has more than 35 years of international experience in the world of Public Relations, the agency has a team of professionals within all the different areas of communication and marketing.[\/vc_column_text][tm_spacer size=&#8221;lg:67&#8243;][\/vc_column][vc_column width=&#8221;1\/6&#8243;][\/vc_column][\/vc_row][vc_row full_width=&#8221;stretch_row_content_no_spaces&#8221; equal_height=&#8221;yes&#8221; content_placement=&#8221;middle&#8221; overlay_background=&#8221;custom&#8221; overlay_custom_background=&#8221;#ffffff&#8221; overlay_opacity=&#8221;56&#8243;][vc_column css_animation=&#8221;fadeInLeft&#8221; width=&#8221;1\/2&#8243; background_color=&#8221;custom&#8221; custom_background_color=&#8221;#ededed&#8221;][vc_row_inner][vc_column_inner width=&#8221;1\/6&#8243;][\/vc_column_inner][vc_column_inner width=&#8221;4\/6&#8243;][tm_spacer size=&#8221;lg:67&#8243;][vc_column_text css_animation=&#8221;none&#8221;] COMMUNICATION AGENCY What does not get communicated does not get sold [\/vc_column_text][tm_spacer size=&#8221;lg:12&#8243;][vc_column_text css_animation=&#8221;none&#8221;] At MN Comunicaci\u00f3n we provide a consultation service in communication for our clients, making sure that they get their message across to the general public in the most efficient way possible. [\/vc_column_text][tm_spacer size=&#8221;lg:30&#8243;][\/vc_column_inner][vc_column_inner width=&#8221;1\/6&#8243;][\/vc_column_inner][\/vc_row_inner][vc_row_inner lg_spacing=&#8221;margin_right:123;margin_left:123&#8243;][vc_column_inner width=&#8221;1\/3&#8243;][tm_image align=&#8221;center&#8221; image=&#8221;95&#8243;][tm_spacer size=&#8221;lg:12&#8243;][vc_column_text] Communication strategies [\/vc_column_text][\/vc_column_inner][vc_column_inner width=&#8221;1\/3&#8243;][tm_image align=&#8221;center&#8221; image=&#8221;91&#8243;][tm_spacer size=&#8221;lg:12&#8243;][vc_column_text] Press releases [\/vc_column_text][\/vc_column_inner][vc_column_inner width=&#8221;1\/3&#8243;][tm_image align=&#8221;center&#8221; image=&#8221;92&#8243;][tm_spacer size=&#8221;lg:12&#8243;][vc_column_text] Press conferences [\/vc_column_text][tm_spacer size=&#8221;lg:12&#8243;][\/vc_column_inner][\/vc_row_inner][tm_spacer size=&#8221;lg:20&#8243;][vc_row_inner lg_spacing=&#8221;margin_right:123;margin_left:123&#8243;][vc_column_inner width=&#8221;1\/3&#8243;][tm_image align=&#8221;center&#8221; image=&#8221;93&#8243;][tm_spacer size=&#8221;lg:12&#8243;][vc_column_text] Management of interviews [\/vc_column_text][\/vc_column_inner][vc_column_inner width=&#8221;1\/3&#8243;][tm_image align=&#8221;center&#8221; image=&#8221;97&#8243;][tm_spacer size=&#8221;lg:12&#8243;][vc_column_text] Strategic Communication [\/vc_column_text][\/vc_column_inner][vc_column_inner width=&#8221;1\/3&#8243;][tm_image align=&#8221;center&#8221; image=&#8221;99&#8243;][tm_spacer size=&#8221;lg:12&#8243;][vc_column_text] Press clippings [\/vc_column_text][tm_spacer size=&#8221;lg:12&#8243;][\/vc_column_inner][\/vc_row_inner][tm_spacer size=&#8221;lg:23&#8243;][tm_spacer size=&#8221;lg:20&#8243;][vc_row_inner lg_spacing=&#8221;margin_right:123;margin_left:123&#8243;][vc_column_inner width=&#8221;1\/2&#8243;][tm_image align=&#8221;center&#8221; image=&#8221;6478&#8243;][tm_spacer size=&#8221;lg:12&#8243;][vc_column_text] Training of leaders in public speaking [\/vc_column_text][\/vc_column_inner][vc_column_inner width=&#8221;1\/2&#8243;][tm_image align=&#8221;center&#8221; image=&#8221;305&#8243;][tm_spacer size=&#8221;lg:12&#8243;][vc_column_text] Press trips [\/vc_column_text][tm_spacer size=&#8221;lg:12&#8243;][\/vc_column_inner][\/vc_row_inner][tm_spacer size=&#8221;lg:23&#8243;][tm_spacer size=&#8221;lg:23&#8243;][tm_spacer size=&#8221;lg:67&#8243;][\/vc_column][vc_column css_animation=&#8221;none&#8221; width=&#8221;1\/2&#8243; overlay_background=&#8221;custom&#8221; overlay_custom_background=&#8221;#ffffff&#8221; overlay_opacity=&#8221;23&#8243; background_image=&#8221;56&#8243;][\/vc_column][\/vc_row][vc_row full_width=&#8221;stretch_row_content_no_spaces&#8221; equal_height=&#8221;yes&#8221; content_placement=&#8221;middle&#8221; overlay_background=&#8221;custom&#8221; overlay_custom_background=&#8221;#ffffff&#8221; overlay_opacity=&#8221;56&#8243;][vc_column css_animation=&#8221;none&#8221; width=&#8221;1\/2&#8243; overlay_background=&#8221;custom&#8221; overlay_custom_background=&#8221;#ffffff&#8221; overlay_opacity=&#8221;23&#8243; background_image=&#8221;9643&#8243;][vc_row_inner][vc_column_inner][\/vc_column_inner][\/vc_row_inner][\/vc_column][vc_column width=&#8221;1\/2&#8243;][vc_row_inner][vc_column_inner width=&#8221;1\/6&#8243;][\/vc_column_inner][vc_column_inner width=&#8221;4\/6&#8243;][tm_spacer size=&#8221;lg:67&#8243;][vc_column_text] PUBLIC RELATIONS Your business in the mind of your client [\/vc_column_text][tm_spacer size=&#8221;lg:10&#8243;][vc_column_text] MN Comunicaci\u00f3n\u00a0is a dynamic agency with extensive experience in promoting the public image of a company or an individual through various means. [\/vc_column_text][tm_spacer size=&#8221;lg:23&#8243;][tm_spacer size=&#8221;lg:10&#8243;][\/vc_column_inner][vc_column_inner width=&#8221;1\/6&#8243;][\/vc_column_inner][\/vc_row_inner][vc_row_inner lg_spacing=&#8221;margin_right:123;margin_left:123&#8243;][vc_column_inner width=&#8221;1\/3&#8243;][tm_image align=&#8221;center&#8221; image=&#8221;5027&#8243;][tm_spacer size=&#8221;lg:12&#8243;][vc_column_text] Management of Institutions and government [\/vc_column_text][\/vc_column_inner][vc_column_inner width=&#8221;1\/3&#8243;][tm_image align=&#8221;center&#8221; image=&#8221;5028&#8243;][tm_spacer size=&#8221;lg:12&#8243;][vc_column_text] Private and corporate protocol [\/vc_column_text][\/vc_column_inner][vc_column_inner width=&#8221;1\/3&#8243;][tm_image align=&#8221;center&#8221; image=&#8221;5029&#8243;][tm_spacer size=&#8221;lg:12&#8243;][vc_column_text] Management of invitations [\/vc_column_text][tm_spacer size=&#8221;lg:12&#8243;][\/vc_column_inner][\/vc_row_inner][tm_spacer size=&#8221;lg:10&#8243;][vc_row_inner lg_spacing=&#8221;margin_right:123;margin_left:123&#8243;][vc_column_inner width=&#8221;1\/3&#8243;][tm_image align=&#8221;center&#8221; image=&#8221;5030&#8243;][tm_spacer size=&#8221;lg:12&#8243;][vc_column_text] Introductions [\/vc_column_text][\/vc_column_inner][vc_column_inner width=&#8221;1\/3&#8243;][tm_image align=&#8221;center&#8221; image=&#8221;9911&#8243;][tm_spacer size=&#8221;lg:12&#8243;][vc_column_text] Public Relations [\/vc_column_text][\/vc_column_inner][vc_column_inner width=&#8221;1\/3&#8243;][tm_image align=&#8221;center&#8221; image=&#8221;9913&#8243;][tm_spacer size=&#8221;lg:12&#8243;][vc_column_text] Celebrity management [\/vc_column_text][tm_spacer size=&#8221;lg:12&#8243;][\/vc_column_inner][\/vc_row_inner][tm_spacer size=&#8221;lg:10&#8243;][vc_row_inner lg_spacing=&#8221;margin_right:123;margin_left:123&#8243;][vc_column_inner width=&#8221;1\/2&#8243;][tm_image align=&#8221;center&#8221; image=&#8221;9915&#8243;][tm_spacer size=&#8221;lg:12&#8243;][vc_column_text] Planning of Institutional Relations [\/vc_column_text][\/vc_column_inner][vc_column_inner width=&#8221;1\/2&#8243;][tm_image align=&#8221;center&#8221; image=&#8221;9917&#8243;][tm_spacer size=&#8221;lg:12&#8243;][vc_column_text] Advocacy and Public Affairs [\/vc_column_text][tm_spacer size=&#8221;lg:12&#8243;][\/vc_column_inner][\/vc_row_inner][tm_spacer size=&#8221;lg:67&#8243;][tm_spacer size=&#8221;lg:12&#8243;][tm_spacer size=&#8221;lg:10&#8243;][\/vc_column][\/vc_row][vc_row full_width=&#8221;stretch_row_content_no_spaces&#8221; equal_height=&#8221;yes&#8221; content_placement=&#8221;middle&#8221; css_animation=&#8221;flipInX&#8221; overlay_background=&#8221;custom&#8221; overlay_custom_background=&#8221;#ffffff&#8221; overlay_opacity=&#8221;56&#8243;][vc_column css_animation=&#8221;fadeInLeft&#8221; width=&#8221;1\/2&#8243; background_color=&#8221;custom&#8221; custom_background_color=&#8221;#ededed&#8221;][vc_row_inner][vc_column_inner width=&#8221;1\/6&#8243;][\/vc_column_inner][vc_column_inner width=&#8221;4\/6&#8243;][tm_spacer size=&#8221;lg:67&#8243;][vc_column_text css_animation=&#8221;none&#8221;] EVENT PLANNING Your events deserve more [\/vc_column_text][tm_spacer size=&#8221;lg:12&#8243;][vc_column_text css_animation=&#8221;none&#8221;] At MN Comunicaci\u00f3n we look at your private or corporate event from every angle and strive to ensure that no detail is overlooked and that the highest level of excellence is achieved in every detail. [\/vc_column_text][tm_spacer size=&#8221;lg:12&#8243;][\/vc_column_inner][vc_column_inner width=&#8221;1\/6&#8243;][\/vc_column_inner][\/vc_row_inner][tm_spacer size=&#8221;lg:23&#8243;][vc_row_inner lg_spacing=&#8221;margin_right:123;margin_left:123&#8243;][vc_column_inner width=&#8221;1\/3&#8243;][tm_image align=&#8221;center&#8221; image=&#8221;87&#8243;][tm_spacer size=&#8221;lg:12&#8243;][vc_column_text] Creating the theme to holding the event [\/vc_column_text][\/vc_column_inner][vc_column_inner width=&#8221;1\/3&#8243;][tm_image align=&#8221;center&#8221; image=&#8221;89&#8243;][tm_spacer size=&#8221;lg:12&#8243;][vc_column_text] Complete organisation and coordination [\/vc_column_text][\/vc_column_inner][vc_column_inner width=&#8221;1\/3&#8243;][tm_image align=&#8221;center&#8221; image=&#8221;86&#8243;][tm_spacer size=&#8221;lg:12&#8243;][vc_column_text] Wide list of suppliers [\/vc_column_text][\/vc_column_inner][\/vc_row_inner][tm_spacer size=&#8221;lg:12&#8243;][tm_spacer size=&#8221;lg:67&#8243;][\/vc_column][vc_column css_animation=&#8221;bounceInRight&#8221; width=&#8221;1\/2&#8243; overlay_background=&#8221;custom&#8221; overlay_custom_background=&#8221;#ffffff&#8221; overlay_opacity=&#8221;23&#8243; background_image=&#8221;9641&#8243;][\/vc_column][\/vc_row][vc_row full_width=&#8221;stretch_row_content_no_spaces&#8221; equal_height=&#8221;yes&#8221; content_placement=&#8221;middle&#8221; overlay_background=&#8221;custom&#8221; overlay_custom_background=&#8221;#ffffff&#8221; overlay_opacity=&#8221;56&#8243;][vc_column css_animation=&#8221;none&#8221; width=&#8221;1\/2&#8243; overlay_background=&#8221;custom&#8221; overlay_custom_background=&#8221;#ffffff&#8221; overlay_opacity=&#8221;23&#8243; background_image=&#8221;9813&#8243;][vc_row_inner][vc_column_inner][\/vc_column_inner][\/vc_row_inner][\/vc_column][vc_column width=&#8221;1\/2&#8243;][vc_row_inner][vc_column_inner width=&#8221;1\/6&#8243;][\/vc_column_inner][vc_column_inner width=&#8221;4\/6&#8243;][tm_spacer size=&#8221;lg:67&#8243;][vc_column_text] MARKETING &amp; DESIGN Boost your brand with creativity and strategy [\/vc_column_text][tm_spacer size=&#8221;lg:10&#8243;][vc_column_text] At MN Comunicaci\u00f3n, we believe that every brand is unique and deserves a tailored marketing and design strategy. Our team combines creativity and innovation to develop visual solutions and strategies that propel your brand toward success. [\/vc_column_text][\/vc_column_inner][vc_column_inner width=&#8221;1\/6&#8243;][\/vc_column_inner][\/vc_row_inner][tm_spacer size=&#8221;lg:20&#8243;][vc_row_inner lg_spacing=&#8221;margin_right:123;margin_left:123&#8243;][vc_column_inner width=&#8221;1\/3&#8243;][tm_image align=&#8221;center&#8221; image=&#8221;9923&#8243;][tm_spacer size=&#8221;lg:12&#8243;][vc_column_text] Marketing Strategy [\/vc_column_text][\/vc_column_inner][vc_column_inner width=&#8221;1\/3&#8243;][tm_image image_size=&#8221;custom&#8221; align=&#8221;center&#8221; image=&#8221;9889&#8243; image_size_width=&#8221;64&#8243; image_size_height=&#8221;64&#8243;][tm_spacer size=&#8221;lg:12&#8243;][vc_column_text] Web Design [\/vc_column_text][\/vc_column_inner][vc_column_inner width=&#8221;1\/3&#8243;][tm_image align=&#8221;center&#8221; image=&#8221;9900&#8243;][tm_spacer size=&#8221;lg:12&#8243;][vc_column_text] Graphic Design [\/vc_column_text][tm_spacer size=&#8221;lg:12&#8243;][\/vc_column_inner][\/vc_row_inner][tm_spacer size=&#8221;lg:20&#8243;][vc_row_inner lg_spacing=&#8221;margin_right:123;margin_left:123&#8243;][vc_column_inner width=&#8221;1\/3&#8243;][tm_image align=&#8221;center&#8221; image=&#8221;9921&#8243;][tm_spacer size=&#8221;lg:12&#8243;][vc_column_text] Social Media Management [\/vc_column_text][\/vc_column_inner][vc_column_inner width=&#8221;1\/3&#8243;][tm_image image_size=&#8221;custom&#8221; align=&#8221;center&#8221; image=&#8221;9902&#8243; image_size_width=&#8221;64&#8243; image_size_height=&#8221;64&#8243;][tm_spacer size=&#8221;lg:12&#8243;][vc_column_text] Branding and Identity Creation [\/vc_column_text][\/vc_column_inner][vc_column_inner width=&#8221;1\/3&#8243;][tm_image image_size=&#8221;custom&#8221; align=&#8221;center&#8221; image=&#8221;9904&#8243; image_size_width=&#8221;64&#8243; image_size_height=&#8221;64&#8243;][tm_spacer size=&#8221;lg:12&#8243;][vc_column_text] Content Creation [\/vc_column_text][tm_spacer size=&#8221;lg:12&#8243;][\/vc_column_inner][\/vc_row_inner][tm_spacer size=&#8221;lg:20&#8243;][tm_spacer size=&#8221;lg:67&#8243;][\/vc_column][\/vc_row][vc_row full_width=&#8221;stretch_row_content_no_spaces&#8221; disable_element=&#8221;yes&#8221;][vc_column width=&#8221;1\/3&#8243; overlay_background=&#8221;custom&#8221; overlay_opacity=&#8221;23&#8243; background_image=&#8221;56&#8243;][tm_spacer size=&#8221;lg:99&#8243;][vc_column_text] COMMUNICATION AGENCY [\/vc_column_text][tm_spacer size=&#8221;lg:12&#8243;][tm_button button=&#8221;url:%2Fagencia-de-comunicacion|title:DESCUBRIR||&#8221; align=&#8221;center&#8221;][tm_spacer size=&#8221;lg:99&#8243;][\/vc_column][vc_column width=&#8221;1\/3&#8243; overlay_background=&#8221;custom&#8221; overlay_opacity=&#8221;23&#8243; background_image=&#8221;58&#8243;][tm_spacer size=&#8221;lg:99&#8243;][vc_column_text el_class=&#8221;white&#8221;] EVENT PLANNING [\/vc_column_text][tm_spacer size=&#8221;lg:12&#8243;][tm_button button=&#8221;url:%2Forganizacion-de-eventos|title:DESCUBRIR||&#8221; align=&#8221;center&#8221;][tm_spacer size=&#8221;lg:99&#8243;][\/vc_column][vc_column width=&#8221;1\/3&#8243; overlay_background=&#8221;custom&#8221; overlay_opacity=&#8221;23&#8243; background_image=&#8221;54&#8243;][tm_spacer size=&#8221;lg:99&#8243;][vc_column_text] PUBLIC RELATIONS [\/vc_column_text][tm_spacer size=&#8221;lg:12&#8243;][tm_button button=&#8221;url:%2Frelaciones-publicas|title:DESCUBRIR||&#8221; align=&#8221;center&#8221;][tm_spacer size=&#8221;lg:99&#8243;][\/vc_column][\/vc_row][vc_row full_width=&#8221;stretch_row_content_no_spaces&#8221; content_placement=&#8221;middle&#8221; background_color=&#8221;custom&#8221; custom_background_color=&#8221;#4b4b4b&#8221;][vc_column css_animation=&#8221;none&#8221; width=&#8221;1\/6&#8243;][tm_image align=&#8221;right&#8221; image=&#8221;9762&#8243; rounded=&#8221;6&#8243;][\/vc_column][vc_column css_animation=&#8221;fadeInLeft&#8221; width=&#8221;2\/3&#8243;][vc_column_text css_animation=&#8221;none&#8221;] Trust is the basis of communication and public relations. From honesty, efficiency, seriousness and sense of responsibility we join our client&#8217;s project to be accomplices of your success. Marie-No\u00eblle Erize General Manager [\/vc_column_text][tm_spacer size=&#8221;lg:67&#8243;][tm_spacer size=&#8221;lg:12&#8243;][\/vc_column][vc_column width=&#8221;1\/6&#8243;][\/vc_column][\/vc_row]<\/p>\n","protected":false},"author":3,"featured_media":6125,"parent":0,"menu_order":0,"comment_status":"closed","ping_status":"closed","template":"","meta":{"_exactmetrics_skip_tracking":false,"_exactmetrics_sitenote_active":false,"_exactmetrics_sitenote_note":"","_exactmetrics_sitenote_category":0,"footnotes":""},"class_list":["post-9908","page","type-page","status-publish","has-post-thumbnail","hentry"],"yoast_head":"<!-- This site is optimized with the Yoast SEO plugin v23.0 - https:\/\/yoast.com\/wordpress\/plugins\/seo\/ -->\n<title>MN Comunicaci\u00f3n | Communication, Event organization, PR<\/title>\n<meta name=\"description\" content=\"MN Communication Agency Communication, Organization of events, Public Relations and Marketing led by Marie-No\u00eblle Erize Tisseau.\" \/>\n<meta name=\"robots\" content=\"index, follow, max-snippet:-1, max-image-preview:large, max-video-preview:-1\" \/>\n<link rel=\"canonical\" href=\"https:\/\/www.mncomunicacion.com\/en\/home\" \/>\n<meta property=\"og:locale\" content=\"en_US\" \/>\n<meta property=\"og:type\" content=\"article\" \/>\n<meta property=\"og:title\" content=\"MN Comunicaci\u00f3n | Communication, Event organization, PR\" \/>\n<meta property=\"og:description\" content=\"MN Communication Agency Communication, Organization of events, Public Relations and Marketing led by Marie-No\u00eblle Erize Tisseau.\" \/>\n<meta property=\"og:url\" content=\"https:\/\/www.mncomunicacion.com\/en\/home\" \/>\n<meta property=\"og:site_name\" content=\"MN Comunicaci\u00f3n\" \/>\n<meta property=\"article:publisher\" content=\"https:\/\/www.facebook.com\/marienoelle.escomunicacion\/\" \/>\n<meta property=\"article:modified_time\" content=\"2024-09-30T01:47:01+00:00\" \/>\n<meta property=\"og:image\" content=\"https:\/\/www.mncomunicacion.com\/wp-content\/uploads\/2019\/07\/MNComunicacion-Imagen-Destacada-1024x660.png\" \/>\n\t<meta property=\"og:image:width\" content=\"1024\" \/>\n\t<meta property=\"og:image:height\" content=\"660\" \/>\n\t<meta property=\"og:image:type\" content=\"image\/png\" \/>\n<meta name=\"twitter:card\" content=\"summary_large_image\" \/>\n<meta name=\"twitter:site\" content=\"@MNcomunicacion\" \/>\n<meta name=\"twitter:label1\" content=\"Est. reading time\" \/>\n\t<meta name=\"twitter:data1\" content=\"9 minutes\" \/>\n<script type=\"application\/ld+json\" class=\"yoast-schema-graph\">{\"@context\":\"https:\/\/schema.org\",\"@graph\":[{\"@type\":\"WebPage\",\"@id\":\"https:\/\/www.mncomunicacion.com\/en\/home\",\"url\":\"https:\/\/www.mncomunicacion.com\/en\/home\",\"name\":\"MN Comunicaci\u00f3n | Communication, Event organization, PR\",\"isPartOf\":{\"@id\":\"https:\/\/www.mncomunicacion.com\/#website\"},\"primaryImageOfPage\":{\"@id\":\"https:\/\/www.mncomunicacion.com\/en\/home#primaryimage\"},\"image\":{\"@id\":\"https:\/\/www.mncomunicacion.com\/en\/home#primaryimage\"},\"thumbnailUrl\":\"https:\/\/www.mncomunicacion.com\/wp-content\/uploads\/2019\/07\/MNComunicacion-Imagen-Destacada.png\",\"datePublished\":\"2024-09-30T01:08:44+00:00\",\"dateModified\":\"2024-09-30T01:47:01+00:00\",\"description\":\"MN Communication Agency Communication, Organization of events, Public Relations and Marketing led by Marie-No\u00eblle Erize Tisseau.\",\"breadcrumb\":{\"@id\":\"https:\/\/www.mncomunicacion.com\/en\/home#breadcrumb\"},\"inLanguage\":\"en-US\",\"potentialAction\":[{\"@type\":\"ReadAction\",\"target\":[\"https:\/\/www.mncomunicacion.com\/en\/home\"]}]},{\"@type\":\"ImageObject\",\"inLanguage\":\"en-US\",\"@id\":\"https:\/\/www.mncomunicacion.com\/en\/home#primaryimage\",\"url\":\"https:\/\/www.mncomunicacion.com\/wp-content\/uploads\/2019\/07\/MNComunicacion-Imagen-Destacada.png\",\"contentUrl\":\"https:\/\/www.mncomunicacion.com\/wp-content\/uploads\/2019\/07\/MNComunicacion-Imagen-Destacada.png\",\"width\":2434,\"height\":1568},{\"@type\":\"BreadcrumbList\",\"@id\":\"https:\/\/www.mncomunicacion.com\/en\/home#breadcrumb\",\"itemListElement\":[{\"@type\":\"ListItem\",\"position\":1,\"name\":\"Portada\",\"item\":\"https:\/\/www.mncomunicacion.com\/en\"},{\"@type\":\"ListItem\",\"position\":2,\"name\":\"HOME-\"}]},{\"@type\":\"WebSite\",\"@id\":\"https:\/\/www.mncomunicacion.com\/#website\",\"url\":\"https:\/\/www.mncomunicacion.com\/\",\"name\":\"MN Comunicaci\u00f3n\",\"description\":\"Agencia de Comunicaci\u00f3n y Organizaci\u00f3n de Eventos en Marbella\",\"publisher\":{\"@id\":\"https:\/\/www.mncomunicacion.com\/#organization\"},\"potentialAction\":[{\"@type\":\"SearchAction\",\"target\":{\"@type\":\"EntryPoint\",\"urlTemplate\":\"https:\/\/www.mncomunicacion.com\/?s={search_term_string}\"},\"query-input\":\"required name=search_term_string\"}],\"inLanguage\":\"en-US\"},{\"@type\":\"Organization\",\"@id\":\"https:\/\/www.mncomunicacion.com\/#organization\",\"name\":\"MN COMUNICACI\u00d3N\",\"url\":\"https:\/\/www.mncomunicacion.com\/\",\"logo\":{\"@type\":\"ImageObject\",\"inLanguage\":\"en-US\",\"@id\":\"https:\/\/www.mncomunicacion.com\/#\/schema\/logo\/image\/\",\"url\":\"https:\/\/www.mncomunicacion.com\/wp-content\/uploads\/2019\/05\/logo.png\",\"contentUrl\":\"https:\/\/www.mncomunicacion.com\/wp-content\/uploads\/2019\/05\/logo.png\",\"width\":150,\"height\":150,\"caption\":\"MN COMUNICACI\u00d3N\"},\"image\":{\"@id\":\"https:\/\/www.mncomunicacion.com\/#\/schema\/logo\/image\/\"},\"sameAs\":[\"https:\/\/www.facebook.com\/marienoelle.escomunicacion\/\",\"https:\/\/x.com\/MNcomunicacion\",\"https:\/\/www.linkedin.com\/company\/marie-no-lle-es-comunicaci-n\/\",\"https:\/\/www.youtube.com\/channel\/UCnHVdXKiLf30LsIfV8k0xIQ\"]}]}<\/script>\n<!-- \/ Yoast SEO plugin. -->","yoast_head_json":{"title":"MN Comunicaci\u00f3n | Communication, Event organization, PR","description":"MN Communication Agency Communication, Organization of events, Public Relations and Marketing led by Marie-No\u00eblle Erize Tisseau.","robots":{"index":"index","follow":"follow","max-snippet":"max-snippet:-1","max-image-preview":"max-image-preview:large","max-video-preview":"max-video-preview:-1"},"canonical":"https:\/\/www.mncomunicacion.com\/en\/home","og_locale":"en_US","og_type":"article","og_title":"MN Comunicaci\u00f3n | Communication, Event organization, PR","og_description":"MN Communication Agency Communication, Organization of events, Public Relations and Marketing led by Marie-No\u00eblle Erize Tisseau.","og_url":"https:\/\/www.mncomunicacion.com\/en\/home","og_site_name":"MN Comunicaci\u00f3n","article_publisher":"https:\/\/www.facebook.com\/marienoelle.escomunicacion\/","article_modified_time":"2024-09-30T01:47:01+00:00","og_image":[{"width":1024,"height":660,"url":"https:\/\/www.mncomunicacion.com\/wp-content\/uploads\/2019\/07\/MNComunicacion-Imagen-Destacada-1024x660.png","type":"image\/png"}],"twitter_card":"summary_large_image","twitter_site":"@MNcomunicacion","twitter_misc":{"Est. reading time":"9 minutes"},"schema":{"@context":"https:\/\/schema.org","@graph":[{"@type":"WebPage","@id":"https:\/\/www.mncomunicacion.com\/en\/home","url":"https:\/\/www.mncomunicacion.com\/en\/home","name":"MN Comunicaci\u00f3n | Communication, Event organization, PR","isPartOf":{"@id":"https:\/\/www.mncomunicacion.com\/#website"},"primaryImageOfPage":{"@id":"https:\/\/www.mncomunicacion.com\/en\/home#primaryimage"},"image":{"@id":"https:\/\/www.mncomunicacion.com\/en\/home#primaryimage"},"thumbnailUrl":"https:\/\/www.mncomunicacion.com\/wp-content\/uploads\/2019\/07\/MNComunicacion-Imagen-Destacada.png","datePublished":"2024-09-30T01:08:44+00:00","dateModified":"2024-09-30T01:47:01+00:00","description":"MN Communication Agency Communication, Organization of events, Public Relations and Marketing led by Marie-No\u00eblle Erize Tisseau.","breadcrumb":{"@id":"https:\/\/www.mncomunicacion.com\/en\/home#breadcrumb"},"inLanguage":"en-US","potentialAction":[{"@type":"ReadAction","target":["https:\/\/www.mncomunicacion.com\/en\/home"]}]},{"@type":"ImageObject","inLanguage":"en-US","@id":"https:\/\/www.mncomunicacion.com\/en\/home#primaryimage","url":"https:\/\/www.mncomunicacion.com\/wp-content\/uploads\/2019\/07\/MNComunicacion-Imagen-Destacada.png","contentUrl":"https:\/\/www.mncomunicacion.com\/wp-content\/uploads\/2019\/07\/MNComunicacion-Imagen-Destacada.png","width":2434,"height":1568},{"@type":"BreadcrumbList","@id":"https:\/\/www.mncomunicacion.com\/en\/home#breadcrumb","itemListElement":[{"@type":"ListItem","position":1,"name":"Portada","item":"https:\/\/www.mncomunicacion.com\/en"},{"@type":"ListItem","position":2,"name":"HOME-"}]},{"@type":"WebSite","@id":"https:\/\/www.mncomunicacion.com\/#website","url":"https:\/\/www.mncomunicacion.com\/","name":"MN Comunicaci\u00f3n","description":"Agencia de Comunicaci\u00f3n y Organizaci\u00f3n de Eventos en Marbella","publisher":{"@id":"https:\/\/www.mncomunicacion.com\/#organization"},"potentialAction":[{"@type":"SearchAction","target":{"@type":"EntryPoint","urlTemplate":"https:\/\/www.mncomunicacion.com\/?s={search_term_string}"},"query-input":"required name=search_term_string"}],"inLanguage":"en-US"},{"@type":"Organization","@id":"https:\/\/www.mncomunicacion.com\/#organization","name":"MN COMUNICACI\u00d3N","url":"https:\/\/www.mncomunicacion.com\/","logo":{"@type":"ImageObject","inLanguage":"en-US","@id":"https:\/\/www.mncomunicacion.com\/#\/schema\/logo\/image\/","url":"https:\/\/www.mncomunicacion.com\/wp-content\/uploads\/2019\/05\/logo.png","contentUrl":"https:\/\/www.mncomunicacion.com\/wp-content\/uploads\/2019\/05\/logo.png","width":150,"height":150,"caption":"MN COMUNICACI\u00d3N"},"image":{"@id":"https:\/\/www.mncomunicacion.com\/#\/schema\/logo\/image\/"},"sameAs":["https:\/\/www.facebook.com\/marienoelle.escomunicacion\/","https:\/\/x.com\/MNcomunicacion","https:\/\/www.linkedin.com\/company\/marie-no-lle-es-comunicaci-n\/","https:\/\/www.youtube.com\/channel\/UCnHVdXKiLf30LsIfV8k0xIQ"]}]}},"_links":{"self":[{"href":"https:\/\/www.mncomunicacion.com\/en\/wp-json\/wp\/v2\/pages\/9908"}],"collection":[{"href":"https:\/\/www.mncomunicacion.com\/en\/wp-json\/wp\/v2\/pages"}],"about":[{"href":"https:\/\/www.mncomunicacion.com\/en\/wp-json\/wp\/v2\/types\/page"}],"author":[{"embeddable":true,"href":"https:\/\/www.mncomunicacion.com\/en\/wp-json\/wp\/v2\/users\/3"}],"replies":[{"embeddable":true,"href":"https:\/\/www.mncomunicacion.com\/en\/wp-json\/wp\/v2\/comments?post=9908"}],"version-history":[{"count":20,"href":"https:\/\/www.mncomunicacion.com\/en\/wp-json\/wp\/v2\/pages\/9908\/revisions"}],"predecessor-version":[{"id":10200,"href":"https:\/\/www.mncomunicacion.com\/en\/wp-json\/wp\/v2\/pages\/9908\/revisions\/10200"}],"wp:featuredmedia":[{"embeddable":true,"href":"https:\/\/www.mncomunicacion.com\/en\/wp-json\/wp\/v2\/media\/6125"}],"wp:attachment":[{"href":"https:\/\/www.mncomunicacion.com\/en\/wp-json\/wp\/v2\/media?parent=9908"}],"curies":[{"name":"wp","href":"https:\/\/api.w.org\/{rel}","templated":true}]}}