{"id":5382,"date":"2019-04-24T13:46:04","date_gmt":"2019-04-24T13:46:04","guid":{"rendered":"https:\/\/www.mncomunicacion.com\/eventos"},"modified":"2024-08-09T10:51:18","modified_gmt":"2024-08-09T10:51:18","slug":"eventos","status":"publish","type":"page","link":"https:\/\/www.mncomunicacion.com\/en\/eventos","title":{"rendered":"EVENTS"},"content":{"rendered":"<div class=\"wpb-content-wrapper\"><p>[vc_row full_width=&#8221;stretch_row_content_no_spaces&#8221; background_attachment=&#8221;fixed&#8221; overlay_background=&#8221;custom&#8221; overlay_opacity=&#8221;34&#8243; effect=&#8221;constellation&#8221; constellation_star_color=&#8221;rgba(255,255,255,0.5)&#8221; constellation_line_color=&#8221;rgba(255,255,255,0.5)&#8221; background_image=&#8221;559&#8243;][vc_column][tm_spacer size=&#8221;lg:234&#8243;][vc_row_inner][vc_column_inner width=&#8221;1\/6&#8243;][\/vc_column_inner][vc_column_inner width=&#8221;2\/3&#8243;][vc_column_text]<\/p>\n<h1 style=\"text-align: center;\"><span style=\"color: #ffffff;\">EVENTS<\/span><\/h1>\n<p>[\/vc_column_text][vc_column_text]<\/p>\n<h6 style=\"text-align: center;\"><span style=\"color: #ffffff;\">PROFESSIONALISM AND EXCELLENCE<\/span><\/h6>\n<p>[\/vc_column_text][\/vc_column_inner][vc_column_inner width=&#8221;1\/6&#8243;][\/vc_column_inner][\/vc_row_inner][tm_spacer size=&#8221;lg:234&#8243;][\/vc_column][\/vc_row][vc_row full_width=&#8221;stretch_row&#8221; background_image=&#8221;1727&#8243; background_position=&#8221;center&#8221; el_id=&#8221;section-about&#8221;][vc_column][tm_spacer size=&#8221;sm:50;lg:50&#8243;][tm_heading custom_google_font=&#8221;&#8221; align=&#8221;center&#8221; text_color=&#8221;primary&#8221; el_class=&#8221;secondary-font&#8221; text=&#8221;Creating Memorable Experiences&#8221; font_size=&#8221;sm:36;md:36;lg:36&#8243; line_height=&#8221;1.25&#8243;][tm_spacer size=&#8221;sm:50;lg:50&#8243;][vc_column_text]<\/p>\n<p class=\"p1\" style=\"text-align: center;\">At MN Comunicaci\u00f3n, we don&#8217;t just organise events, we create unique experiences that capture the essence of your brand and leave a lasting impression on your guests. Our methodology is based on meticulous attention to every detail, from conceptualisation to execution, ensuring that each event is an impeccable reflection of your values and objectives.<\/p>\n<p>[\/vc_column_text][tm_spacer size=&#8221;lg:35&#8243;][\/vc_column][\/vc_row][vc_row full_width=&#8221;stretch_row&#8221; background_image=&#8221;1727&#8243; background_position=&#8221;center&#8221;][vc_column width=&#8221;1\/2&#8243;][tm_box_icon align=&#8221;center&#8221; icon_type=&#8221;ion&#8221; icon_ion=&#8221;ion-ios-checkmark-outline&#8221; heading=&#8221;Customised Strategies for Success&#8221; text=&#8221;Every event we organise is completely bespoke. We take the time to understand your specific needs and design a strategy that maximises the impact and reach of your event. Whether it&#8217;s a corporate conference, product launch, grand opening or private celebration, our strategic approach ensures exceptional results.&#8221;][\/vc_column][vc_column width=&#8221;1\/2&#8243;][tm_box_icon align=&#8221;center&#8221; icon_type=&#8221;ion&#8221; icon_ion=&#8221;ion-ios-cog-outline&#8221; heading=&#8221;Integrated Event Management&#8221; text=&#8221;Our team takes care of all aspects from concept creation to execution and logistics, allowing you to focus on what really matters: interacting with your guests as the host and enjoying the event. From coordinating with suppliers to real-time management of the event schedule, we make sure everything runs smoothly.&#8221;][\/vc_column][\/vc_row][vc_row full_width=&#8221;stretch_row&#8221; background_image=&#8221;1727&#8243; background_position=&#8221;center&#8221;][vc_column width=&#8221;1\/2&#8243;][tm_box_icon align=&#8221;center&#8221; icon_type=&#8221;ion&#8221; icon_ion=&#8221;ion-ios-contact-outline&#8221; heading=&#8221;Premium Supplier Network&#8221; text=&#8221;We have built a strong network of premium suppliers on the Costa del Sol and throughout Spain. This allows us to offer you the best options in catering, decoration, entertainment and the necessary services to ensure that every component of your event is of the highest quality. &#8220;][\/vc_column][vc_column width=&#8221;1\/2&#8243;][tm_box_icon align=&#8221;center&#8221; icon_type=&#8221;ion&#8221; icon_ion=&#8221;ion-ios-compose-outline&#8221; heading=&#8221;Innovation and Creativity&#8221; text=&#8221;At MN Comunicaci\u00f3n, we pride ourselves on our ability to innovate. We use the latest trends and technologies in event management to bring you fresh and memorable experiences. Creativity is our driving force, and every event is an opportunity to surprise and delight your guests.<br \/>\n&#8220;][\/vc_column][\/vc_row][vc_row full_width=&#8221;stretch_row&#8221; background_image=&#8221;1727&#8243; background_position=&#8221;center&#8221;][vc_column][tm_spacer size=&#8221;sm:50;lg:50&#8243;][tm_heading custom_google_font=&#8221;&#8221; align=&#8221;center&#8221; text_color=&#8221;primary&#8221; el_class=&#8221;secondary-font&#8221; text=&#8221;Why choose MN Comunicaci\u00f3n?&#8221; font_size=&#8221;sm:30;md:30;lg:30&#8243; line_height=&#8221;1.25&#8243;][tm_spacer size=&#8221;sm:50;lg:50&#8243;][\/vc_column][\/vc_row][vc_row full_width=&#8221;stretch_row&#8221; background_image=&#8221;1727&#8243; background_position=&#8221;center&#8221;][vc_column width=&#8221;1\/3&#8243;][tm_box_icon style=&#8221;02&#8243; align=&#8221;center&#8221; heading=&#8221;Experience&#8221; text=&#8221;More than 15 years in the sector, managing different types of events with outstanding results.&#8221;][tm_spacer size=&#8221;lg:67&#8243;][\/vc_column][vc_column width=&#8221;1\/3&#8243;][tm_box_icon style=&#8221;02&#8243; align=&#8221;center&#8221; heading=&#8221;Adaptability&#8221; text=&#8221;Ability to manage events in Spanish, English and French, adapting to different cultures and audiences.&#8221;][tm_spacer size=&#8221;lg:67&#8243;][\/vc_column][vc_column width=&#8221;1\/3&#8243;][tm_box_icon style=&#8221;02&#8243; align=&#8221;center&#8221; heading=&#8221;Professionalism&#8221; text=&#8221;A dedicated and professional team that strives to exceed your expectations in every project.&#8221;][\/vc_column][\/vc_row][vc_row full_width=&#8221;stretch_row&#8221; background_image=&#8221;1727&#8243; background_position=&#8221;center&#8221;][vc_column][tm_heading custom_google_font=&#8221;&#8221; align=&#8221;center&#8221; text_color=&#8221;primary&#8221; el_class=&#8221;secondary-font&#8221; text=&#8221;We transform your events into memorable experiences.&#8221; font_size=&#8221;sm:25;md:25;lg:25&#8243; line_height=&#8221;1.25&#8243;][tm_spacer size=&#8221;sm:20;lg:20&#8243;][vc_column_text]<\/p>\n<p class=\"p1\" style=\"text-align: center;\">Let us be your partner in creating unforgettable events. Contact MN Comunicaci\u00f3n today to find out how we can help you elevate your brand through exceptional events.<\/p>\n<p>[\/vc_column_text][tm_spacer size=&#8221;sm:50;lg:50&#8243;][\/vc_column][\/vc_row][vc_row full_width=&#8221;stretch_row_content_no_spaces&#8221;][vc_column background_color=&#8221;custom&#8221; custom_background_color=&#8221;#f4f4f4&#8243;][vc_row_inner][vc_column_inner width=&#8221;1\/12&#8243;][\/vc_column_inner][vc_column_inner width=&#8221;10\/12&#8243;][tm_spacer size=&#8221;lg:67&#8243;][tm_blog style=&#8221;grid-sticky&#8221; number=&#8221;-1&#8243; taxonomies=&#8221;category:eventos&#8221; columns=&#8221;xs:1;sm:2;lg:3&#8243;][\/vc_column_inner][vc_column_inner width=&#8221;1\/12&#8243;][\/vc_column_inner][\/vc_row_inner][\/vc_column][\/vc_row][vc_row full_width=&#8221;stretch_row_content_no_spaces&#8221; disable_element=&#8221;yes&#8221;][vc_column width=&#8221;1\/3&#8243; overlay_background=&#8221;custom&#8221; overlay_opacity=&#8221;23&#8243; background_image=&#8221;56&#8243;][tm_spacer size=&#8221;lg:99&#8243;][vc_column_text]<\/p>\n<h4 style=\"text-align: center;\"><span style=\"color: #ffffff;\">AGENCIA DE<\/span><br \/>\n<span style=\"color: #ffffff;\">COMUNICACI\u00d3N<\/span><\/h4>\n<p>[\/vc_column_text][tm_spacer size=&#8221;lg:12&#8243;][tm_button button=&#8221;url:%2Fagencia-de-comunicacion|title:DESCUBRIR||&#8221; align=&#8221;center&#8221;][tm_spacer size=&#8221;lg:99&#8243;][\/vc_column][vc_column width=&#8221;1\/3&#8243; overlay_background=&#8221;custom&#8221; overlay_opacity=&#8221;23&#8243; background_image=&#8221;58&#8243;][tm_spacer size=&#8221;lg:99&#8243;][vc_column_text el_class=&#8221;white&#8221;]<\/p>\n<h4 style=\"text-align: center;\"><span style=\"color: #ffffff;\">ORGANIZACI\u00d3N<\/span><br \/>\n<span style=\"color: #ffffff;\">DE EVENTOS<\/span><\/h4>\n<p>[\/vc_column_text][tm_spacer size=&#8221;lg:12&#8243;][tm_button button=&#8221;url:%2Forganizacion-de-eventos|title:DESCUBRIR||&#8221; align=&#8221;center&#8221;][tm_spacer size=&#8221;lg:99&#8243;][\/vc_column][vc_column width=&#8221;1\/3&#8243; overlay_background=&#8221;custom&#8221; overlay_opacity=&#8221;23&#8243; background_image=&#8221;54&#8243;][tm_spacer size=&#8221;lg:99&#8243;][vc_column_text]<\/p>\n<h4 style=\"text-align: center;\"><span style=\"color: #ffffff;\">RELACIONES<\/span><br \/>\n<span style=\"color: #ffffff;\">P\u00daBLICAS<\/span><\/h4>\n<p>[\/vc_column_text][tm_spacer size=&#8221;lg:12&#8243;][tm_button button=&#8221;url:%2Frelaciones-publicas|title:DESCUBRIR||&#8221; align=&#8221;center&#8221;][tm_spacer size=&#8221;lg:99&#8243;][\/vc_column][\/vc_row][vc_row full_width=&#8221;stretch_row_content_no_spaces&#8221; background_color=&#8221;primary&#8221;][vc_column][\/vc_column][\/vc_row][vc_row][vc_column][\/vc_column][\/vc_row]<\/p>\n<\/div>","protected":false},"excerpt":{"rendered":"<p>[vc_row full_width=&#8221;stretch_row_content_no_spaces&#8221; background_attachment=&#8221;fixed&#8221; overlay_background=&#8221;custom&#8221; overlay_opacity=&#8221;34&#8243; effect=&#8221;constellation&#8221; constellation_star_color=&#8221;rgba(255,255,255,0.5)&#8221; constellation_line_color=&#8221;rgba(255,255,255,0.5)&#8221; background_image=&#8221;559&#8243;][vc_column][tm_spacer size=&#8221;lg:234&#8243;][vc_row_inner][vc_column_inner width=&#8221;1\/6&#8243;][\/vc_column_inner][vc_column_inner width=&#8221;2\/3&#8243;][vc_column_text] EVENTS [\/vc_column_text][vc_column_text] PROFESSIONALISM AND EXCELLENCE [\/vc_column_text][\/vc_column_inner][vc_column_inner width=&#8221;1\/6&#8243;][\/vc_column_inner][\/vc_row_inner][tm_spacer size=&#8221;lg:234&#8243;][\/vc_column][\/vc_row][vc_row full_width=&#8221;stretch_row&#8221; background_image=&#8221;1727&#8243; background_position=&#8221;center&#8221; el_id=&#8221;section-about&#8221;][vc_column][tm_spacer size=&#8221;sm:50;lg:50&#8243;][tm_heading custom_google_font=&#8221;&#8221; align=&#8221;center&#8221; text_color=&#8221;primary&#8221; el_class=&#8221;secondary-font&#8221; text=&#8221;Creating Memorable Experiences&#8221; font_size=&#8221;sm:36;md:36;lg:36&#8243; line_height=&#8221;1.25&#8243;][tm_spacer size=&#8221;sm:50;lg:50&#8243;][vc_column_text] At MN Comunicaci\u00f3n, we don&#8217;t just organise events, we create unique experiences that capture the essence of your brand and leave a lasting impression on your guests. Our methodology is based on meticulous attention to every detail, from conceptualisation to execution, ensuring that each event is an impeccable reflection of your values and objectives. [\/vc_column_text][tm_spacer size=&#8221;lg:35&#8243;][\/vc_column][\/vc_row][vc_row full_width=&#8221;stretch_row&#8221; background_image=&#8221;1727&#8243; background_position=&#8221;center&#8221;][vc_column width=&#8221;1\/2&#8243;][tm_box_icon align=&#8221;center&#8221; icon_type=&#8221;ion&#8221; icon_ion=&#8221;ion-ios-checkmark-outline&#8221; heading=&#8221;Customised Strategies for Success&#8221; text=&#8221;Every event we organise is completely bespoke. We take the time to understand your specific needs and design a strategy that maximises the impact and reach of your event. Whether it&#8217;s a corporate conference, product launch, grand opening or private celebration, our strategic approach ensures exceptional results.&#8221;][\/vc_column][vc_column width=&#8221;1\/2&#8243;][tm_box_icon align=&#8221;center&#8221; icon_type=&#8221;ion&#8221; icon_ion=&#8221;ion-ios-cog-outline&#8221; heading=&#8221;Integrated Event Management&#8221; text=&#8221;Our team takes care of all aspects from concept creation to execution and logistics, allowing you to focus on what really matters: interacting with your guests as the host and enjoying the event. From coordinating with suppliers to real-time management of the event schedule, we make sure everything runs smoothly.&#8221;][\/vc_column][\/vc_row][vc_row full_width=&#8221;stretch_row&#8221; background_image=&#8221;1727&#8243; background_position=&#8221;center&#8221;][vc_column width=&#8221;1\/2&#8243;][tm_box_icon align=&#8221;center&#8221; icon_type=&#8221;ion&#8221; icon_ion=&#8221;ion-ios-contact-outline&#8221; heading=&#8221;Premium Supplier Network&#8221; text=&#8221;We have built a strong network of premium suppliers on the Costa del Sol and throughout Spain. This allows us to offer you the best options in catering, decoration, entertainment and the necessary services to ensure that every component of your event is of the highest quality. &#8220;][\/vc_column][vc_column width=&#8221;1\/2&#8243;][tm_box_icon align=&#8221;center&#8221; icon_type=&#8221;ion&#8221; icon_ion=&#8221;ion-ios-compose-outline&#8221; heading=&#8221;Innovation and Creativity&#8221; text=&#8221;At MN Comunicaci\u00f3n, we pride ourselves on our ability to innovate. We use the latest trends and technologies in event management to bring you fresh and memorable experiences. Creativity is our driving force, and every event is an opportunity to surprise and delight your guests. &#8220;][\/vc_column][\/vc_row][vc_row full_width=&#8221;stretch_row&#8221; background_image=&#8221;1727&#8243; background_position=&#8221;center&#8221;][vc_column][tm_spacer size=&#8221;sm:50;lg:50&#8243;][tm_heading custom_google_font=&#8221;&#8221; align=&#8221;center&#8221; text_color=&#8221;primary&#8221; el_class=&#8221;secondary-font&#8221; text=&#8221;Why choose MN Comunicaci\u00f3n?&#8221; font_size=&#8221;sm:30;md:30;lg:30&#8243; line_height=&#8221;1.25&#8243;][tm_spacer size=&#8221;sm:50;lg:50&#8243;][\/vc_column][\/vc_row][vc_row full_width=&#8221;stretch_row&#8221; background_image=&#8221;1727&#8243; background_position=&#8221;center&#8221;][vc_column width=&#8221;1\/3&#8243;][tm_box_icon style=&#8221;02&#8243; align=&#8221;center&#8221; heading=&#8221;Experience&#8221; text=&#8221;More than 15 years in the sector, managing different types of events with outstanding results.&#8221;][tm_spacer size=&#8221;lg:67&#8243;][\/vc_column][vc_column width=&#8221;1\/3&#8243;][tm_box_icon style=&#8221;02&#8243; align=&#8221;center&#8221; heading=&#8221;Adaptability&#8221; text=&#8221;Ability to manage events in Spanish, English and French, adapting to different cultures and audiences.&#8221;][tm_spacer size=&#8221;lg:67&#8243;][\/vc_column][vc_column width=&#8221;1\/3&#8243;][tm_box_icon style=&#8221;02&#8243; align=&#8221;center&#8221; heading=&#8221;Professionalism&#8221; text=&#8221;A dedicated and professional team that strives to exceed your expectations in every project.&#8221;][\/vc_column][\/vc_row][vc_row full_width=&#8221;stretch_row&#8221; background_image=&#8221;1727&#8243; background_position=&#8221;center&#8221;][vc_column][tm_heading custom_google_font=&#8221;&#8221; align=&#8221;center&#8221; text_color=&#8221;primary&#8221; el_class=&#8221;secondary-font&#8221; text=&#8221;We transform your events into memorable experiences.&#8221; font_size=&#8221;sm:25;md:25;lg:25&#8243; line_height=&#8221;1.25&#8243;][tm_spacer size=&#8221;sm:20;lg:20&#8243;][vc_column_text] Let us be your partner in creating unforgettable events. Contact MN Comunicaci\u00f3n today to find out how we can help you elevate your brand through exceptional events. [\/vc_column_text][tm_spacer size=&#8221;sm:50;lg:50&#8243;][\/vc_column][\/vc_row][vc_row full_width=&#8221;stretch_row_content_no_spaces&#8221;][vc_column background_color=&#8221;custom&#8221; custom_background_color=&#8221;#f4f4f4&#8243;][vc_row_inner][vc_column_inner width=&#8221;1\/12&#8243;][\/vc_column_inner][vc_column_inner width=&#8221;10\/12&#8243;][tm_spacer size=&#8221;lg:67&#8243;][tm_blog style=&#8221;grid-sticky&#8221; number=&#8221;-1&#8243; taxonomies=&#8221;category:eventos&#8221; columns=&#8221;xs:1;sm:2;lg:3&#8243;][\/vc_column_inner][vc_column_inner width=&#8221;1\/12&#8243;][\/vc_column_inner][\/vc_row_inner][\/vc_column][\/vc_row][vc_row full_width=&#8221;stretch_row_content_no_spaces&#8221; disable_element=&#8221;yes&#8221;][vc_column width=&#8221;1\/3&#8243; overlay_background=&#8221;custom&#8221; overlay_opacity=&#8221;23&#8243; background_image=&#8221;56&#8243;][tm_spacer size=&#8221;lg:99&#8243;][vc_column_text] AGENCIA DE COMUNICACI\u00d3N [\/vc_column_text][tm_spacer size=&#8221;lg:12&#8243;][tm_button button=&#8221;url:%2Fagencia-de-comunicacion|title:DESCUBRIR||&#8221; align=&#8221;center&#8221;][tm_spacer size=&#8221;lg:99&#8243;][\/vc_column][vc_column width=&#8221;1\/3&#8243; overlay_background=&#8221;custom&#8221; overlay_opacity=&#8221;23&#8243; background_image=&#8221;58&#8243;][tm_spacer size=&#8221;lg:99&#8243;][vc_column_text el_class=&#8221;white&#8221;] ORGANIZACI\u00d3N DE EVENTOS [\/vc_column_text][tm_spacer size=&#8221;lg:12&#8243;][tm_button button=&#8221;url:%2Forganizacion-de-eventos|title:DESCUBRIR||&#8221; align=&#8221;center&#8221;][tm_spacer size=&#8221;lg:99&#8243;][\/vc_column][vc_column width=&#8221;1\/3&#8243; overlay_background=&#8221;custom&#8221; overlay_opacity=&#8221;23&#8243; background_image=&#8221;54&#8243;][tm_spacer size=&#8221;lg:99&#8243;][vc_column_text] RELACIONES P\u00daBLICAS [\/vc_column_text][tm_spacer size=&#8221;lg:12&#8243;][tm_button button=&#8221;url:%2Frelaciones-publicas|title:DESCUBRIR||&#8221; align=&#8221;center&#8221;][tm_spacer size=&#8221;lg:99&#8243;][\/vc_column][\/vc_row][vc_row full_width=&#8221;stretch_row_content_no_spaces&#8221; background_color=&#8221;primary&#8221;][vc_column][\/vc_column][\/vc_row][vc_row][vc_column][\/vc_column][\/vc_row]<\/p>\n","protected":false},"author":1,"featured_media":0,"parent":0,"menu_order":0,"comment_status":"closed","ping_status":"closed","template":"","meta":{"_exactmetrics_skip_tracking":false,"_exactmetrics_sitenote_active":false,"_exactmetrics_sitenote_note":"","_exactmetrics_sitenote_category":0,"footnotes":""},"class_list":["post-5382","page","type-page","status-publish","hentry","post-no-thumbnail"],"yoast_head":"<!-- This site is optimized with the Yoast SEO plugin v23.0 - https:\/\/yoast.com\/wordpress\/plugins\/seo\/ -->\n<title>EVENTS | MN Comunicaci\u00f3n<\/title>\n<meta name=\"robots\" content=\"index, follow, max-snippet:-1, max-image-preview:large, max-video-preview:-1\" \/>\n<link rel=\"canonical\" href=\"https:\/\/www.mncomunicacion.com\/en\/eventos\" \/>\n<meta property=\"og:locale\" content=\"en_US\" \/>\n<meta property=\"og:type\" content=\"article\" \/>\n<meta property=\"og:title\" content=\"EVENTS | MN Comunicaci\u00f3n\" \/>\n<meta property=\"og:description\" content=\"[vc_row full_width=&#8221;stretch_row_content_no_spaces&#8221; background_attachment=&#8221;fixed&#8221; overlay_background=&#8221;custom&#8221; overlay_opacity=&#8221;34&#8243; effect=&#8221;constellation&#8221; constellation_star_color=&#8221;rgba(255,255,255,0.5)&#8221; constellation_line_color=&#8221;rgba(255,255,255,0.5)&#8221; background_image=&#8221;559&#8243;][vc_column][tm_spacer size=&#8221;lg:234&#8243;][vc_row_inner][vc_column_inner width=&#8221;1\/6&#8243;][\/vc_column_inner][vc_column_inner width=&#8221;2\/3&#8243;][vc_column_text] EVENTS [\/vc_column_text][vc_column_text] PROFESSIONALISM AND EXCELLENCE [\/vc_column_text][\/vc_column_inner][vc_column_inner width=&#8221;1\/6&#8243;][\/vc_column_inner][\/vc_row_inner][tm_spacer size=&#8221;lg:234&#8243;][\/vc_column][\/vc_row][vc_row full_width=&#8221;stretch_row&#8221; background_image=&#8221;1727&#8243; background_position=&#8221;center&#8221; el_id=&#8221;section-about&#8221;][vc_column][tm_spacer size=&#8221;sm:50;lg:50&#8243;][tm_heading custom_google_font=&#8221;&#8221; align=&#8221;center&#8221; text_color=&#8221;primary&#8221; el_class=&#8221;secondary-font&#8221; text=&#8221;Creating Memorable Experiences&#8221; font_size=&#8221;sm:36;md:36;lg:36&#8243; line_height=&#8221;1.25&#8243;][tm_spacer size=&#8221;sm:50;lg:50&#8243;][vc_column_text] At MN Comunicaci\u00f3n, we don&#8217;t just organise events, we create unique experiences that capture the essence of your brand and leave a lasting impression on your guests. Our methodology is based on meticulous attention to every detail, from conceptualisation to execution, ensuring that each event is an impeccable reflection of your values and objectives. [\/vc_column_text][tm_spacer size=&#8221;lg:35&#8243;][\/vc_column][\/vc_row][vc_row full_width=&#8221;stretch_row&#8221; background_image=&#8221;1727&#8243; background_position=&#8221;center&#8221;][vc_column width=&#8221;1\/2&#8243;][tm_box_icon align=&#8221;center&#8221; icon_type=&#8221;ion&#8221; icon_ion=&#8221;ion-ios-checkmark-outline&#8221; heading=&#8221;Customised Strategies for Success&#8221; text=&#8221;Every event we organise is completely bespoke. We take the time to understand your specific needs and design a strategy that maximises the impact and reach of your event. Whether it&#8217;s a corporate conference, product launch, grand opening or private celebration, our strategic approach ensures exceptional results.&#8221;][\/vc_column][vc_column width=&#8221;1\/2&#8243;][tm_box_icon align=&#8221;center&#8221; icon_type=&#8221;ion&#8221; icon_ion=&#8221;ion-ios-cog-outline&#8221; heading=&#8221;Integrated Event Management&#8221; text=&#8221;Our team takes care of all aspects from concept creation to execution and logistics, allowing you to focus on what really matters: interacting with your guests as the host and enjoying the event. From coordinating with suppliers to real-time management of the event schedule, we make sure everything runs smoothly.&#8221;][\/vc_column][\/vc_row][vc_row full_width=&#8221;stretch_row&#8221; background_image=&#8221;1727&#8243; background_position=&#8221;center&#8221;][vc_column width=&#8221;1\/2&#8243;][tm_box_icon align=&#8221;center&#8221; icon_type=&#8221;ion&#8221; icon_ion=&#8221;ion-ios-contact-outline&#8221; heading=&#8221;Premium Supplier Network&#8221; text=&#8221;We have built a strong network of premium suppliers on the Costa del Sol and throughout Spain. This allows us to offer you the best options in catering, decoration, entertainment and the necessary services to ensure that every component of your event is of the highest quality. &#8220;][\/vc_column][vc_column width=&#8221;1\/2&#8243;][tm_box_icon align=&#8221;center&#8221; icon_type=&#8221;ion&#8221; icon_ion=&#8221;ion-ios-compose-outline&#8221; heading=&#8221;Innovation and Creativity&#8221; text=&#8221;At MN Comunicaci\u00f3n, we pride ourselves on our ability to innovate. We use the latest trends and technologies in event management to bring you fresh and memorable experiences. Creativity is our driving force, and every event is an opportunity to surprise and delight your guests. &#8220;][\/vc_column][\/vc_row][vc_row full_width=&#8221;stretch_row&#8221; background_image=&#8221;1727&#8243; background_position=&#8221;center&#8221;][vc_column][tm_spacer size=&#8221;sm:50;lg:50&#8243;][tm_heading custom_google_font=&#8221;&#8221; align=&#8221;center&#8221; text_color=&#8221;primary&#8221; el_class=&#8221;secondary-font&#8221; text=&#8221;Why choose MN Comunicaci\u00f3n?&#8221; font_size=&#8221;sm:30;md:30;lg:30&#8243; line_height=&#8221;1.25&#8243;][tm_spacer size=&#8221;sm:50;lg:50&#8243;][\/vc_column][\/vc_row][vc_row full_width=&#8221;stretch_row&#8221; background_image=&#8221;1727&#8243; background_position=&#8221;center&#8221;][vc_column width=&#8221;1\/3&#8243;][tm_box_icon style=&#8221;02&#8243; align=&#8221;center&#8221; heading=&#8221;Experience&#8221; text=&#8221;More than 15 years in the sector, managing different types of events with outstanding results.&#8221;][tm_spacer size=&#8221;lg:67&#8243;][\/vc_column][vc_column width=&#8221;1\/3&#8243;][tm_box_icon style=&#8221;02&#8243; align=&#8221;center&#8221; heading=&#8221;Adaptability&#8221; text=&#8221;Ability to manage events in Spanish, English and French, adapting to different cultures and audiences.&#8221;][tm_spacer size=&#8221;lg:67&#8243;][\/vc_column][vc_column width=&#8221;1\/3&#8243;][tm_box_icon style=&#8221;02&#8243; align=&#8221;center&#8221; heading=&#8221;Professionalism&#8221; text=&#8221;A dedicated and professional team that strives to exceed your expectations in every project.&#8221;][\/vc_column][\/vc_row][vc_row full_width=&#8221;stretch_row&#8221; background_image=&#8221;1727&#8243; background_position=&#8221;center&#8221;][vc_column][tm_heading custom_google_font=&#8221;&#8221; align=&#8221;center&#8221; text_color=&#8221;primary&#8221; el_class=&#8221;secondary-font&#8221; text=&#8221;We transform your events into memorable experiences.&#8221; font_size=&#8221;sm:25;md:25;lg:25&#8243; line_height=&#8221;1.25&#8243;][tm_spacer size=&#8221;sm:20;lg:20&#8243;][vc_column_text] Let us be your partner in creating unforgettable events. Contact MN Comunicaci\u00f3n today to find out how we can help you elevate your brand through exceptional events. [\/vc_column_text][tm_spacer size=&#8221;sm:50;lg:50&#8243;][\/vc_column][\/vc_row][vc_row full_width=&#8221;stretch_row_content_no_spaces&#8221;][vc_column background_color=&#8221;custom&#8221; custom_background_color=&#8221;#f4f4f4&#8243;][vc_row_inner][vc_column_inner width=&#8221;1\/12&#8243;][\/vc_column_inner][vc_column_inner width=&#8221;10\/12&#8243;][tm_spacer size=&#8221;lg:67&#8243;][tm_blog style=&#8221;grid-sticky&#8221; number=&#8221;-1&#8243; taxonomies=&#8221;category:eventos&#8221; columns=&#8221;xs:1;sm:2;lg:3&#8243;][\/vc_column_inner][vc_column_inner width=&#8221;1\/12&#8243;][\/vc_column_inner][\/vc_row_inner][\/vc_column][\/vc_row][vc_row full_width=&#8221;stretch_row_content_no_spaces&#8221; disable_element=&#8221;yes&#8221;][vc_column width=&#8221;1\/3&#8243; overlay_background=&#8221;custom&#8221; overlay_opacity=&#8221;23&#8243; background_image=&#8221;56&#8243;][tm_spacer size=&#8221;lg:99&#8243;][vc_column_text] AGENCIA DE COMUNICACI\u00d3N [\/vc_column_text][tm_spacer size=&#8221;lg:12&#8243;][tm_button button=&#8221;url:%2Fagencia-de-comunicacion|title:DESCUBRIR||&#8221; align=&#8221;center&#8221;][tm_spacer size=&#8221;lg:99&#8243;][\/vc_column][vc_column width=&#8221;1\/3&#8243; overlay_background=&#8221;custom&#8221; overlay_opacity=&#8221;23&#8243; background_image=&#8221;58&#8243;][tm_spacer size=&#8221;lg:99&#8243;][vc_column_text el_class=&#8221;white&#8221;] ORGANIZACI\u00d3N DE EVENTOS [\/vc_column_text][tm_spacer size=&#8221;lg:12&#8243;][tm_button button=&#8221;url:%2Forganizacion-de-eventos|title:DESCUBRIR||&#8221; align=&#8221;center&#8221;][tm_spacer size=&#8221;lg:99&#8243;][\/vc_column][vc_column width=&#8221;1\/3&#8243; overlay_background=&#8221;custom&#8221; overlay_opacity=&#8221;23&#8243; background_image=&#8221;54&#8243;][tm_spacer size=&#8221;lg:99&#8243;][vc_column_text] RELACIONES P\u00daBLICAS [\/vc_column_text][tm_spacer size=&#8221;lg:12&#8243;][tm_button button=&#8221;url:%2Frelaciones-publicas|title:DESCUBRIR||&#8221; align=&#8221;center&#8221;][tm_spacer size=&#8221;lg:99&#8243;][\/vc_column][\/vc_row][vc_row full_width=&#8221;stretch_row_content_no_spaces&#8221; background_color=&#8221;primary&#8221;][vc_column][\/vc_column][\/vc_row][vc_row][vc_column][\/vc_column][\/vc_row]\" \/>\n<meta property=\"og:url\" content=\"https:\/\/www.mncomunicacion.com\/en\/eventos\" \/>\n<meta property=\"og:site_name\" content=\"MN Comunicaci\u00f3n\" \/>\n<meta property=\"article:publisher\" content=\"https:\/\/www.facebook.com\/marienoelle.escomunicacion\/\" \/>\n<meta property=\"article:modified_time\" content=\"2024-08-09T10:51:18+00:00\" \/>\n<meta name=\"twitter:card\" content=\"summary_large_image\" \/>\n<meta name=\"twitter:site\" content=\"@MNcomunicacion\" \/>\n<meta name=\"twitter:label1\" content=\"Est. reading time\" \/>\n\t<meta name=\"twitter:data1\" content=\"5 minutes\" \/>\n<script type=\"application\/ld+json\" class=\"yoast-schema-graph\">{\"@context\":\"https:\/\/schema.org\",\"@graph\":[{\"@type\":\"WebPage\",\"@id\":\"https:\/\/www.mncomunicacion.com\/en\/eventos\",\"url\":\"https:\/\/www.mncomunicacion.com\/en\/eventos\",\"name\":\"EVENTS | MN Comunicaci\u00f3n\",\"isPartOf\":{\"@id\":\"https:\/\/www.mncomunicacion.com\/#website\"},\"datePublished\":\"2019-04-24T13:46:04+00:00\",\"dateModified\":\"2024-08-09T10:51:18+00:00\",\"breadcrumb\":{\"@id\":\"https:\/\/www.mncomunicacion.com\/en\/eventos#breadcrumb\"},\"inLanguage\":\"en-US\",\"potentialAction\":[{\"@type\":\"ReadAction\",\"target\":[\"https:\/\/www.mncomunicacion.com\/en\/eventos\"]}]},{\"@type\":\"BreadcrumbList\",\"@id\":\"https:\/\/www.mncomunicacion.com\/en\/eventos#breadcrumb\",\"itemListElement\":[{\"@type\":\"ListItem\",\"position\":1,\"name\":\"Portada\",\"item\":\"https:\/\/www.mncomunicacion.com\/en\"},{\"@type\":\"ListItem\",\"position\":2,\"name\":\"EVENTS\"}]},{\"@type\":\"WebSite\",\"@id\":\"https:\/\/www.mncomunicacion.com\/#website\",\"url\":\"https:\/\/www.mncomunicacion.com\/\",\"name\":\"MN Comunicaci\u00f3n\",\"description\":\"Agencia de Comunicaci\u00f3n y Organizaci\u00f3n de Eventos en Marbella\",\"publisher\":{\"@id\":\"https:\/\/www.mncomunicacion.com\/#organization\"},\"potentialAction\":[{\"@type\":\"SearchAction\",\"target\":{\"@type\":\"EntryPoint\",\"urlTemplate\":\"https:\/\/www.mncomunicacion.com\/?s={search_term_string}\"},\"query-input\":\"required name=search_term_string\"}],\"inLanguage\":\"en-US\"},{\"@type\":\"Organization\",\"@id\":\"https:\/\/www.mncomunicacion.com\/#organization\",\"name\":\"MN COMUNICACI\u00d3N\",\"url\":\"https:\/\/www.mncomunicacion.com\/\",\"logo\":{\"@type\":\"ImageObject\",\"inLanguage\":\"en-US\",\"@id\":\"https:\/\/www.mncomunicacion.com\/#\/schema\/logo\/image\/\",\"url\":\"https:\/\/www.mncomunicacion.com\/wp-content\/uploads\/2019\/05\/logo.png\",\"contentUrl\":\"https:\/\/www.mncomunicacion.com\/wp-content\/uploads\/2019\/05\/logo.png\",\"width\":150,\"height\":150,\"caption\":\"MN COMUNICACI\u00d3N\"},\"image\":{\"@id\":\"https:\/\/www.mncomunicacion.com\/#\/schema\/logo\/image\/\"},\"sameAs\":[\"https:\/\/www.facebook.com\/marienoelle.escomunicacion\/\",\"https:\/\/x.com\/MNcomunicacion\",\"https:\/\/www.linkedin.com\/company\/marie-no-lle-es-comunicaci-n\/\",\"https:\/\/www.youtube.com\/channel\/UCnHVdXKiLf30LsIfV8k0xIQ\"]}]}<\/script>\n<!-- \/ Yoast SEO plugin. -->","yoast_head_json":{"title":"EVENTS | MN Comunicaci\u00f3n","robots":{"index":"index","follow":"follow","max-snippet":"max-snippet:-1","max-image-preview":"max-image-preview:large","max-video-preview":"max-video-preview:-1"},"canonical":"https:\/\/www.mncomunicacion.com\/en\/eventos","og_locale":"en_US","og_type":"article","og_title":"EVENTS | MN Comunicaci\u00f3n","og_description":"[vc_row full_width=&#8221;stretch_row_content_no_spaces&#8221; background_attachment=&#8221;fixed&#8221; overlay_background=&#8221;custom&#8221; overlay_opacity=&#8221;34&#8243; effect=&#8221;constellation&#8221; constellation_star_color=&#8221;rgba(255,255,255,0.5)&#8221; constellation_line_color=&#8221;rgba(255,255,255,0.5)&#8221; background_image=&#8221;559&#8243;][vc_column][tm_spacer size=&#8221;lg:234&#8243;][vc_row_inner][vc_column_inner width=&#8221;1\/6&#8243;][\/vc_column_inner][vc_column_inner width=&#8221;2\/3&#8243;][vc_column_text] EVENTS [\/vc_column_text][vc_column_text] PROFESSIONALISM AND EXCELLENCE [\/vc_column_text][\/vc_column_inner][vc_column_inner width=&#8221;1\/6&#8243;][\/vc_column_inner][\/vc_row_inner][tm_spacer size=&#8221;lg:234&#8243;][\/vc_column][\/vc_row][vc_row full_width=&#8221;stretch_row&#8221; background_image=&#8221;1727&#8243; background_position=&#8221;center&#8221; el_id=&#8221;section-about&#8221;][vc_column][tm_spacer size=&#8221;sm:50;lg:50&#8243;][tm_heading custom_google_font=&#8221;&#8221; align=&#8221;center&#8221; text_color=&#8221;primary&#8221; el_class=&#8221;secondary-font&#8221; text=&#8221;Creating Memorable Experiences&#8221; font_size=&#8221;sm:36;md:36;lg:36&#8243; line_height=&#8221;1.25&#8243;][tm_spacer size=&#8221;sm:50;lg:50&#8243;][vc_column_text] At MN Comunicaci\u00f3n, we don&#8217;t just organise events, we create unique experiences that capture the essence of your brand and leave a lasting impression on your guests. Our methodology is based on meticulous attention to every detail, from conceptualisation to execution, ensuring that each event is an impeccable reflection of your values and objectives. [\/vc_column_text][tm_spacer size=&#8221;lg:35&#8243;][\/vc_column][\/vc_row][vc_row full_width=&#8221;stretch_row&#8221; background_image=&#8221;1727&#8243; background_position=&#8221;center&#8221;][vc_column width=&#8221;1\/2&#8243;][tm_box_icon align=&#8221;center&#8221; icon_type=&#8221;ion&#8221; icon_ion=&#8221;ion-ios-checkmark-outline&#8221; heading=&#8221;Customised Strategies for Success&#8221; text=&#8221;Every event we organise is completely bespoke. We take the time to understand your specific needs and design a strategy that maximises the impact and reach of your event. Whether it&#8217;s a corporate conference, product launch, grand opening or private celebration, our strategic approach ensures exceptional results.&#8221;][\/vc_column][vc_column width=&#8221;1\/2&#8243;][tm_box_icon align=&#8221;center&#8221; icon_type=&#8221;ion&#8221; icon_ion=&#8221;ion-ios-cog-outline&#8221; heading=&#8221;Integrated Event Management&#8221; text=&#8221;Our team takes care of all aspects from concept creation to execution and logistics, allowing you to focus on what really matters: interacting with your guests as the host and enjoying the event. From coordinating with suppliers to real-time management of the event schedule, we make sure everything runs smoothly.&#8221;][\/vc_column][\/vc_row][vc_row full_width=&#8221;stretch_row&#8221; background_image=&#8221;1727&#8243; background_position=&#8221;center&#8221;][vc_column width=&#8221;1\/2&#8243;][tm_box_icon align=&#8221;center&#8221; icon_type=&#8221;ion&#8221; icon_ion=&#8221;ion-ios-contact-outline&#8221; heading=&#8221;Premium Supplier Network&#8221; text=&#8221;We have built a strong network of premium suppliers on the Costa del Sol and throughout Spain. This allows us to offer you the best options in catering, decoration, entertainment and the necessary services to ensure that every component of your event is of the highest quality. &#8220;][\/vc_column][vc_column width=&#8221;1\/2&#8243;][tm_box_icon align=&#8221;center&#8221; icon_type=&#8221;ion&#8221; icon_ion=&#8221;ion-ios-compose-outline&#8221; heading=&#8221;Innovation and Creativity&#8221; text=&#8221;At MN Comunicaci\u00f3n, we pride ourselves on our ability to innovate. We use the latest trends and technologies in event management to bring you fresh and memorable experiences. Creativity is our driving force, and every event is an opportunity to surprise and delight your guests. &#8220;][\/vc_column][\/vc_row][vc_row full_width=&#8221;stretch_row&#8221; background_image=&#8221;1727&#8243; background_position=&#8221;center&#8221;][vc_column][tm_spacer size=&#8221;sm:50;lg:50&#8243;][tm_heading custom_google_font=&#8221;&#8221; align=&#8221;center&#8221; text_color=&#8221;primary&#8221; el_class=&#8221;secondary-font&#8221; text=&#8221;Why choose MN Comunicaci\u00f3n?&#8221; font_size=&#8221;sm:30;md:30;lg:30&#8243; line_height=&#8221;1.25&#8243;][tm_spacer size=&#8221;sm:50;lg:50&#8243;][\/vc_column][\/vc_row][vc_row full_width=&#8221;stretch_row&#8221; background_image=&#8221;1727&#8243; background_position=&#8221;center&#8221;][vc_column width=&#8221;1\/3&#8243;][tm_box_icon style=&#8221;02&#8243; align=&#8221;center&#8221; heading=&#8221;Experience&#8221; text=&#8221;More than 15 years in the sector, managing different types of events with outstanding results.&#8221;][tm_spacer size=&#8221;lg:67&#8243;][\/vc_column][vc_column width=&#8221;1\/3&#8243;][tm_box_icon style=&#8221;02&#8243; align=&#8221;center&#8221; heading=&#8221;Adaptability&#8221; text=&#8221;Ability to manage events in Spanish, English and French, adapting to different cultures and audiences.&#8221;][tm_spacer size=&#8221;lg:67&#8243;][\/vc_column][vc_column width=&#8221;1\/3&#8243;][tm_box_icon style=&#8221;02&#8243; align=&#8221;center&#8221; heading=&#8221;Professionalism&#8221; text=&#8221;A dedicated and professional team that strives to exceed your expectations in every project.&#8221;][\/vc_column][\/vc_row][vc_row full_width=&#8221;stretch_row&#8221; background_image=&#8221;1727&#8243; background_position=&#8221;center&#8221;][vc_column][tm_heading custom_google_font=&#8221;&#8221; align=&#8221;center&#8221; text_color=&#8221;primary&#8221; el_class=&#8221;secondary-font&#8221; text=&#8221;We transform your events into memorable experiences.&#8221; font_size=&#8221;sm:25;md:25;lg:25&#8243; line_height=&#8221;1.25&#8243;][tm_spacer size=&#8221;sm:20;lg:20&#8243;][vc_column_text] Let us be your partner in creating unforgettable events. Contact MN Comunicaci\u00f3n today to find out how we can help you elevate your brand through exceptional events. [\/vc_column_text][tm_spacer size=&#8221;sm:50;lg:50&#8243;][\/vc_column][\/vc_row][vc_row full_width=&#8221;stretch_row_content_no_spaces&#8221;][vc_column background_color=&#8221;custom&#8221; custom_background_color=&#8221;#f4f4f4&#8243;][vc_row_inner][vc_column_inner width=&#8221;1\/12&#8243;][\/vc_column_inner][vc_column_inner width=&#8221;10\/12&#8243;][tm_spacer size=&#8221;lg:67&#8243;][tm_blog style=&#8221;grid-sticky&#8221; number=&#8221;-1&#8243; taxonomies=&#8221;category:eventos&#8221; columns=&#8221;xs:1;sm:2;lg:3&#8243;][\/vc_column_inner][vc_column_inner width=&#8221;1\/12&#8243;][\/vc_column_inner][\/vc_row_inner][\/vc_column][\/vc_row][vc_row full_width=&#8221;stretch_row_content_no_spaces&#8221; disable_element=&#8221;yes&#8221;][vc_column width=&#8221;1\/3&#8243; overlay_background=&#8221;custom&#8221; overlay_opacity=&#8221;23&#8243; background_image=&#8221;56&#8243;][tm_spacer size=&#8221;lg:99&#8243;][vc_column_text] AGENCIA DE COMUNICACI\u00d3N [\/vc_column_text][tm_spacer size=&#8221;lg:12&#8243;][tm_button button=&#8221;url:%2Fagencia-de-comunicacion|title:DESCUBRIR||&#8221; align=&#8221;center&#8221;][tm_spacer size=&#8221;lg:99&#8243;][\/vc_column][vc_column width=&#8221;1\/3&#8243; overlay_background=&#8221;custom&#8221; overlay_opacity=&#8221;23&#8243; background_image=&#8221;58&#8243;][tm_spacer size=&#8221;lg:99&#8243;][vc_column_text el_class=&#8221;white&#8221;] ORGANIZACI\u00d3N DE EVENTOS [\/vc_column_text][tm_spacer size=&#8221;lg:12&#8243;][tm_button button=&#8221;url:%2Forganizacion-de-eventos|title:DESCUBRIR||&#8221; align=&#8221;center&#8221;][tm_spacer size=&#8221;lg:99&#8243;][\/vc_column][vc_column width=&#8221;1\/3&#8243; overlay_background=&#8221;custom&#8221; overlay_opacity=&#8221;23&#8243; background_image=&#8221;54&#8243;][tm_spacer size=&#8221;lg:99&#8243;][vc_column_text] RELACIONES P\u00daBLICAS [\/vc_column_text][tm_spacer size=&#8221;lg:12&#8243;][tm_button button=&#8221;url:%2Frelaciones-publicas|title:DESCUBRIR||&#8221; align=&#8221;center&#8221;][tm_spacer size=&#8221;lg:99&#8243;][\/vc_column][\/vc_row][vc_row full_width=&#8221;stretch_row_content_no_spaces&#8221; background_color=&#8221;primary&#8221;][vc_column][\/vc_column][\/vc_row][vc_row][vc_column][\/vc_column][\/vc_row]","og_url":"https:\/\/www.mncomunicacion.com\/en\/eventos","og_site_name":"MN Comunicaci\u00f3n","article_publisher":"https:\/\/www.facebook.com\/marienoelle.escomunicacion\/","article_modified_time":"2024-08-09T10:51:18+00:00","twitter_card":"summary_large_image","twitter_site":"@MNcomunicacion","twitter_misc":{"Est. reading time":"5 minutes"},"schema":{"@context":"https:\/\/schema.org","@graph":[{"@type":"WebPage","@id":"https:\/\/www.mncomunicacion.com\/en\/eventos","url":"https:\/\/www.mncomunicacion.com\/en\/eventos","name":"EVENTS | MN Comunicaci\u00f3n","isPartOf":{"@id":"https:\/\/www.mncomunicacion.com\/#website"},"datePublished":"2019-04-24T13:46:04+00:00","dateModified":"2024-08-09T10:51:18+00:00","breadcrumb":{"@id":"https:\/\/www.mncomunicacion.com\/en\/eventos#breadcrumb"},"inLanguage":"en-US","potentialAction":[{"@type":"ReadAction","target":["https:\/\/www.mncomunicacion.com\/en\/eventos"]}]},{"@type":"BreadcrumbList","@id":"https:\/\/www.mncomunicacion.com\/en\/eventos#breadcrumb","itemListElement":[{"@type":"ListItem","position":1,"name":"Portada","item":"https:\/\/www.mncomunicacion.com\/en"},{"@type":"ListItem","position":2,"name":"EVENTS"}]},{"@type":"WebSite","@id":"https:\/\/www.mncomunicacion.com\/#website","url":"https:\/\/www.mncomunicacion.com\/","name":"MN Comunicaci\u00f3n","description":"Agencia de Comunicaci\u00f3n y Organizaci\u00f3n de Eventos en Marbella","publisher":{"@id":"https:\/\/www.mncomunicacion.com\/#organization"},"potentialAction":[{"@type":"SearchAction","target":{"@type":"EntryPoint","urlTemplate":"https:\/\/www.mncomunicacion.com\/?s={search_term_string}"},"query-input":"required name=search_term_string"}],"inLanguage":"en-US"},{"@type":"Organization","@id":"https:\/\/www.mncomunicacion.com\/#organization","name":"MN COMUNICACI\u00d3N","url":"https:\/\/www.mncomunicacion.com\/","logo":{"@type":"ImageObject","inLanguage":"en-US","@id":"https:\/\/www.mncomunicacion.com\/#\/schema\/logo\/image\/","url":"https:\/\/www.mncomunicacion.com\/wp-content\/uploads\/2019\/05\/logo.png","contentUrl":"https:\/\/www.mncomunicacion.com\/wp-content\/uploads\/2019\/05\/logo.png","width":150,"height":150,"caption":"MN COMUNICACI\u00d3N"},"image":{"@id":"https:\/\/www.mncomunicacion.com\/#\/schema\/logo\/image\/"},"sameAs":["https:\/\/www.facebook.com\/marienoelle.escomunicacion\/","https:\/\/x.com\/MNcomunicacion","https:\/\/www.linkedin.com\/company\/marie-no-lle-es-comunicaci-n\/","https:\/\/www.youtube.com\/channel\/UCnHVdXKiLf30LsIfV8k0xIQ"]}]}},"_links":{"self":[{"href":"https:\/\/www.mncomunicacion.com\/en\/wp-json\/wp\/v2\/pages\/5382"}],"collection":[{"href":"https:\/\/www.mncomunicacion.com\/en\/wp-json\/wp\/v2\/pages"}],"about":[{"href":"https:\/\/www.mncomunicacion.com\/en\/wp-json\/wp\/v2\/types\/page"}],"author":[{"embeddable":true,"href":"https:\/\/www.mncomunicacion.com\/en\/wp-json\/wp\/v2\/users\/1"}],"replies":[{"embeddable":true,"href":"https:\/\/www.mncomunicacion.com\/en\/wp-json\/wp\/v2\/comments?post=5382"}],"version-history":[{"count":17,"href":"https:\/\/www.mncomunicacion.com\/en\/wp-json\/wp\/v2\/pages\/5382\/revisions"}],"predecessor-version":[{"id":9719,"href":"https:\/\/www.mncomunicacion.com\/en\/wp-json\/wp\/v2\/pages\/5382\/revisions\/9719"}],"wp:attachment":[{"href":"https:\/\/www.mncomunicacion.com\/en\/wp-json\/wp\/v2\/media?parent=5382"}],"curies":[{"name":"wp","href":"https:\/\/api.w.org\/{rel}","templated":true}]}}